{"id":672,"date":"2019-09-22T00:19:05","date_gmt":"2019-09-22T00:19:05","guid":{"rendered":"http:\/\/burscheid-sonnenblume.de\/?page_id=672"},"modified":"2024-09-24T11:39:59","modified_gmt":"2024-09-24T10:39:59","slug":"kontakt","status":"publish","type":"page","link":"https:\/\/burscheid-sonnenblume.de\/?page_id=672","title":{"rendered":"Kontakt"},"content":{"rendered":"<h4 style=\"text-align: center;\"><span style=\"color: #6b8e23;\">Sie m\u00f6chten mit uns in Kontakt treten? <br \/><\/span><\/h4>\n<\/p>\n\n\n<div class=\"wp-block-columns has-2-columns is-layout-flex wp-container-core-columns-is-layout-1 wp-block-columns-is-layout-flex\">\n<div class=\"wp-block-column is-layout-flow wp-block-column-is-layout-flow\">\n<h5 class=\"wp-block-heading has-text-align-center\"><em>F\u00f6rderverein Kindergarten Sonnenblume Hilgen e.V.<\/em><\/h5>\n\n\n\n<p>c\/o: Stock, Sartingen-Kranz &amp; Birkmann<br>Witzheldenerstra\u00dfe 7<br>51399 Burscheid<\/p>\n\n\n\n<p>E-Mail: foerderverein@burscheid-sonnenblume.de<br><strong>(Hier erreichen Sie den F\u00f6rderverein, nicht die Kita)<\/strong><br>Homepage: <a href=\"http:\/\/burscheid-sonnenblume.de\/\">www.burscheid-sonnenblume.de<\/a><\/p>\n<\/div>\n\n\n\n<div class=\"wp-block-column is-layout-flow wp-block-column-is-layout-flow\">\n<h5 class=\"wp-block-heading has-text-align-center\"><em>Caritas Kindertagesst\u00e4tte &#8220;Sonnenblume&#8221;<\/em><\/h5>\n\n\n\n<p>Leitung: Brigitte Sartingen-Kranz<\/p>\n\n\n\n<p>Witzheldenerstra\u00dfe 7<br>51399 Burscheid<\/p>\n\n\n\n<p>Telefon: 02174\/ 5213 <br>Fax: 02174\/ 498167<\/p>\n\n\n\n<p>\u00d6ffnungszeiten:<br>Montags bis donnerstags von <br>07:00 \u2013 16:15 Uhr und <br>freitags von 07:00 \u2013 15:00 Uhr<br><br>E-Mail: kita-sonnenblume@caritas-rheinberg.de<br>Homepage: <a href=\"https:\/\/www.caritas-rheinberg.de\/hilfen-angebote\/kinder-jugend-familienhilfe\/katholische-kindertageseinrichtungen\/\">Link zur Homepage des Verbandes<\/a><\/p>\n<\/div>\n<\/div>\n\n\n<p>Sie m\u00f6chten uns besuchen? <br \/>Auf unserer Unterseite finden Sie <a href=\"http:\/\/burscheid-sonnenblume.de\/?page_id=645\">HIER weitere Informationen zur Anreise und Parkm\u00f6glichkeiten.<\/a><\/p>\n\n\n<hr class=\"wp-block-separator has-css-opacity\"\/>\n\n\n<p>Gerne k\u00f6nnen Sie uns \u00fcber das Kontaktformular eine Nachricht zukommen lassen.<\/p>\n<\/p>\n\n","protected":false},"excerpt":{"rendered":"<p>Sie m\u00f6chten mit uns in Kontakt treten? F\u00f6rderverein Kindergarten Sonnenblume Hilgen e.V. c\/o: Stock, Sartingen-Kranz &amp; BirkmannWitzheldenerstra\u00dfe 751399 Burscheid E-Mail: foerderverein@burscheid-sonnenblume.de(Hier erreichen Sie den F\u00f6rderverein, nicht die Kita)Homepage: www.burscheid-sonnenblume.de Caritas Kindertagesst\u00e4tte &#8220;Sonnenblume&#8221; Leitung: Brigitte Sartingen-Kranz Witzheldenerstra\u00dfe 751399 Burscheid Telefon: 02174\/<\/p>\n","protected":false},"author":1,"featured_media":0,"parent":0,"menu_order":0,"comment_status":"closed","ping_status":"closed","template":"","meta":{"footnotes":""},"class_list":["post-672","page","type-page","status-publish","hentry"],"_links":{"self":[{"href":"https:\/\/burscheid-sonnenblume.de\/index.php?rest_route=\/wp\/v2\/pages\/672","targetHints":{"allow":["GET"]}}],"collection":[{"href":"https:\/\/burscheid-sonnenblume.de\/index.php?rest_route=\/wp\/v2\/pages"}],"about":[{"href":"https:\/\/burscheid-sonnenblume.de\/index.php?rest_route=\/wp\/v2\/types\/page"}],"author":[{"embeddable":true,"href":"https:\/\/burscheid-sonnenblume.de\/index.php?rest_route=\/wp\/v2\/users\/1"}],"replies":[{"embeddable":true,"href":"https:\/\/burscheid-sonnenblume.de\/index.php?rest_route=%2Fwp%2Fv2%2Fcomments&post=672"}],"version-history":[{"count":26,"href":"https:\/\/burscheid-sonnenblume.de\/index.php?rest_route=\/wp\/v2\/pages\/672\/revisions"}],"predecessor-version":[{"id":8787,"href":"https:\/\/burscheid-sonnenblume.de\/index.php?rest_route=\/wp\/v2\/pages\/672\/revisions\/8787"}],"wp:attachment":[{"href":"https:\/\/burscheid-sonnenblume.de\/index.php?rest_route=%2Fwp%2Fv2%2Fmedia&parent=672"}],"curies":[{"name":"wp","href":"https:\/\/api.w.org\/{rel}","templated":true}]}}