{"id":2023,"date":"2020-03-25T20:19:30","date_gmt":"2020-03-25T19:19:30","guid":{"rendered":"https:\/\/burscheid-sonnenblume.de\/?page_id=2023"},"modified":"2025-05-14T09:13:27","modified_gmt":"2025-05-14T08:13:27","slug":"final-noch-freigeben-kath-familienzentrum","status":"publish","type":"page","link":"https:\/\/burscheid-sonnenblume.de\/?page_id=2023","title":{"rendered":"Das Kath. Familienzentrum"},"content":{"rendered":"<p><img loading=\"lazy\" decoding=\"async\" class=\"wp-image-7694  alignleft\" src=\"https:\/\/burscheid-sonnenblume.de\/wp-content\/uploads\/2023\/05\/LOGO-Familienzentrum-Wermelskirchen-und-Burscheid-6-1-3.png\" alt=\"\" width=\"242\" height=\"178\" srcset=\"https:\/\/burscheid-sonnenblume.de\/wp-content\/uploads\/2023\/05\/LOGO-Familienzentrum-Wermelskirchen-und-Burscheid-6-1-3.png 686w, https:\/\/burscheid-sonnenblume.de\/wp-content\/uploads\/2023\/05\/LOGO-Familienzentrum-Wermelskirchen-und-Burscheid-6-1-3-300x221.png 300w\" sizes=\"auto, (max-width: 242px) 100vw, 242px\" \/><span style=\"color: #6b8e23;\">Das &#8220;neue&#8221; Kath. Familienzentrum Wermelskirchen\/Burscheid.\u00a0<\/span><\/p>\n<div class=\"page\" title=\"Page 1\">\n<div class=\"section\">\n<div class=\"layoutArea\">\n<div class=\"column\">\n<p>Seit dem 01.01.2020 besteht der Seelsorgebereich Wermelskirchen\/Burscheid. <br \/>Auch die beiden katholischen Familienzentren sind zu einem gemeinsamen fusioniert. Mit vereinter Kraft k\u00f6nnen wir noch mehr Angebote f\u00fcr Kinder und Familien anbieten.<\/p>\n<p>\u00a0<\/p>\n<\/div>\n<hr \/>\n<div>\u00a0<\/div>\n<div class=\"column\">\n<h5><span style=\"color: #6b8e23;\">Kath. Familienzentrum Wermelskirchen\/ Burscheid<\/span><\/h5>\n<p><img loading=\"lazy\" decoding=\"async\" class=\" wp-image-7518 alignleft\" src=\"https:\/\/burscheid-sonnenblume.de\/wp-content\/uploads\/2023\/01\/Logo20GL-01.png_817798925.png\" alt=\"\" width=\"262\" height=\"98\" srcset=\"https:\/\/burscheid-sonnenblume.de\/wp-content\/uploads\/2023\/01\/Logo20GL-01.png_817798925.png 602w, https:\/\/burscheid-sonnenblume.de\/wp-content\/uploads\/2023\/01\/Logo20GL-01.png_817798925-300x112.png 300w\" sizes=\"auto, (max-width: 262px) 100vw, 262px\" \/>Die Leitung des Familienzentrums hat Herr Benjamin Floer (Pastoralreferent).<br \/>Herr Floer freut sich \u00fcber ihre Ideen und W\u00fcnsche f\u00fcr das katholische Familienzentrum. <br \/>Weitere Informationen, spannende Projekte sowie den stets aktuellen Veranstaltungskalender finden Sie <a href=\"https:\/\/www.gl-gutes-leben.de\/Kirchen_Einrichtungen\/kath.-familienzentrum\/\">HIER auf der Homepage des Kath. Familienzentrums Burscheid\/ Wermelskirchen.<\/a><\/p>\n<\/div>\n<\/div>\n<\/div>\n<\/div>\n\n\n<figure class=\"wp-block-table alignwide\"><table><tbody><tr><td><strong>Benjamin Floer<\/strong><\/td><\/tr><tr><td>Telefon: 02196 8858797<\/td><\/tr><tr><td><a href=\"mailto:benjamin.floer@erzbistum-koeln.de\">benjamin.floer@erzbistum-koeln.de<\/a><\/td><\/tr><tr><td>Telefonat oder Termin mit Herrn Floer vereinbaren? &#8211; <a href=\"https:\/\/calendly.com\/benjaminfloer\/\">HIER KLICKEN<\/a><\/td><\/tr><\/tbody><\/table><\/figure>\n\n\n\n<hr class=\"wp-block-separator has-css-opacity\"\/>\n\n\n<h5><span style=\"color: #6b8e23;\">Aktuelle und vergangene Angebote des Kath. Familienzentrum Wermelskirchen\/ Burscheid<\/span><\/h5>\n\n<style>#sp-ea-5005 .spcollapsing { height: 0; overflow: hidden; transition-property: height;transition-duration: 500ms;}#sp-ea-5005.sp-easy-accordion>.sp-ea-single {margin-bottom: 10px; border: 1px solid #e2e2e2; }#sp-ea-5005.sp-easy-accordion>.sp-ea-single>.ea-header a {color: #444;}#sp-ea-5005.sp-easy-accordion>.sp-ea-single>.sp-collapse>.ea-body {background: #fff; color: #444;}#sp-ea-5005.sp-easy-accordion>.sp-ea-single {background: #eee;}#sp-ea-5005.sp-easy-accordion>.sp-ea-single>.ea-header a .ea-expand-icon { float: left; color: #6b8e23;font-size: 16px;}<\/style><div id=\"sp_easy_accordion-1695715136\"><div id=\"sp-ea-5005\" class=\"sp-ea-one sp-easy-accordion\" data-ea-active=\"ea-click\" data-ea-mode=\"vertical\" data-preloader=\"\" data-scroll-active-item=\"\" data-offset-to-scroll=\"0\"><div class=\"ea-card ea-expand sp-ea-single\"><h3 class=\"ea-header\"><a class=\"collapsed\" id=\"ea-header-50050\" role=\"button\" data-sptoggle=\"spcollapse\" data-sptarget=\"#collapse50050\" aria-controls=\"collapse50050\" href=\"#\" aria-expanded=\"true\" tabindex=\"0\"><i aria-hidden=\"true\" role=\"presentation\" class=\"ea-expand-icon eap-icon-ea-expand-minus\"><\/i> 04.08.2025 bis 08.08.2025 \u201eAbenteuer ohne Koffer\"<\/a><\/h3><div class=\"sp-collapse spcollapse collapsed show\" id=\"collapse50050\" data-parent=\"#sp-ea-5005\" role=\"region\" aria-labelledby=\"ea-header-50050\"> <div class=\"ea-body\"><p><del><img loading=\"lazy\" decoding=\"async\" class=\" wp-image-2024 alignleft\" src=\"https:\/\/burscheid-sonnenblume.de\/wp-content\/uploads\/2020\/03\/LOGO-Familienzentrum-Wermelskirchen-und-Burscheid-6-1.png_1815800200.png\" alt=\"\" width=\"122\" height=\"81\" srcset=\"https:\/\/burscheid-sonnenblume.de\/wp-content\/uploads\/2020\/03\/LOGO-Familienzentrum-Wermelskirchen-und-Burscheid-6-1.png_1815800200.png 714w, https:\/\/burscheid-sonnenblume.de\/wp-content\/uploads\/2020\/03\/LOGO-Familienzentrum-Wermelskirchen-und-Burscheid-6-1.png_1815800200-300x200.png 300w\" sizes=\"auto, (max-width: 122px) 100vw, 122px\" \/><\/del>Das katholische Familienzentrum organisierten den Tag: \"Abenteuer ohne Koffer f\u00fcr Kinder zw. 6-10 Jahren\"<\/p><p>Download Flyer: <a href=\"https:\/\/burscheid-sonnenblume.de\/wp-content\/uploads\/2025\/05\/Plakat-2025-Abenteuer-ohne-Koffer.pdf\">Plakat 2025 Abenteuer ohne Koffer<\/a><\/p><\/div><\/div><\/div><div class=\"ea-card sp-ea-single\"><h3 class=\"ea-header\"><a class=\"collapsed\" id=\"ea-header-50051\" role=\"button\" data-sptoggle=\"spcollapse\" data-sptarget=\"#collapse50051\" aria-controls=\"collapse50051\" href=\"#\" aria-expanded=\"false\" tabindex=\"0\"><i aria-hidden=\"true\" role=\"presentation\" class=\"ea-expand-icon eap-icon-ea-expand-plus\"><\/i> 17.05.2025 + 24.05.2025 \u201eKickboxen\"<\/a><\/h3><div class=\"sp-collapse spcollapse \" id=\"collapse50051\" data-parent=\"#sp-ea-5005\" role=\"region\" aria-labelledby=\"ea-header-50051\"> <div class=\"ea-body\"><p><del><img loading=\"lazy\" decoding=\"async\" class=\" wp-image-2024 alignleft\" src=\"https:\/\/burscheid-sonnenblume.de\/wp-content\/uploads\/2020\/03\/LOGO-Familienzentrum-Wermelskirchen-und-Burscheid-6-1.png_1815800200.png\" alt=\"\" width=\"122\" height=\"81\" srcset=\"https:\/\/burscheid-sonnenblume.de\/wp-content\/uploads\/2020\/03\/LOGO-Familienzentrum-Wermelskirchen-und-Burscheid-6-1.png_1815800200.png 714w, https:\/\/burscheid-sonnenblume.de\/wp-content\/uploads\/2020\/03\/LOGO-Familienzentrum-Wermelskirchen-und-Burscheid-6-1.png_1815800200-300x200.png 300w\" sizes=\"auto, (max-width: 122px) 100vw, 122px\" \/><\/del>Das katholische Familienzentrum organisierten den Workshop: \u201e<strong>KICKBOXEN SELBSTVERTEIDIGUNG\"<\/strong><\/p><p>Download Flyer: <a href=\"https:\/\/burscheid-sonnenblume.de\/wp-content\/uploads\/2025\/05\/Flyer-Workshop-Kickboxen-2025-St-Michael_V3.pdf\">Flyer Workshop Kickboxen 2025 St Michael_V3<\/a><\/p><\/div><\/div><\/div><div class=\"ea-card sp-ea-single\"><h3 class=\"ea-header\"><a class=\"collapsed\" id=\"ea-header-50052\" role=\"button\" data-sptoggle=\"spcollapse\" data-sptarget=\"#collapse50052\" aria-controls=\"collapse50052\" href=\"#\" aria-expanded=\"false\" tabindex=\"0\"><i aria-hidden=\"true\" role=\"presentation\" class=\"ea-expand-icon eap-icon-ea-expand-plus\"><\/i> 22.05.2025 \u201eELTERNVORTRAG SEXUALISIERTE GEWALT\"<\/a><\/h3><div class=\"sp-collapse spcollapse \" id=\"collapse50052\" data-parent=\"#sp-ea-5005\" role=\"region\" aria-labelledby=\"ea-header-50052\"> <div class=\"ea-body\"><p><del><img loading=\"lazy\" decoding=\"async\" class=\" wp-image-2024 alignleft\" src=\"https:\/\/burscheid-sonnenblume.de\/wp-content\/uploads\/2020\/03\/LOGO-Familienzentrum-Wermelskirchen-und-Burscheid-6-1.png_1815800200.png\" alt=\"\" width=\"122\" height=\"81\" srcset=\"https:\/\/burscheid-sonnenblume.de\/wp-content\/uploads\/2020\/03\/LOGO-Familienzentrum-Wermelskirchen-und-Burscheid-6-1.png_1815800200.png 714w, https:\/\/burscheid-sonnenblume.de\/wp-content\/uploads\/2020\/03\/LOGO-Familienzentrum-Wermelskirchen-und-Burscheid-6-1.png_1815800200-300x200.png 300w\" sizes=\"auto, (max-width: 122px) 100vw, 122px\" \/><\/del>Das katholische Familienzentrum organisierten den Elternabend <strong>\"ELTERNVORTRAG SEXUALISIERTE GEWALT\"<\/strong><br \/>f\u00fcr alle interessierten Eltern am 22.05.2025 von 17:00 bis 18:00 Uhr<strong><br \/><\/strong><\/p><p>Download Flyer: <a href=\"https:\/\/burscheid-sonnenblume.de\/wp-content\/uploads\/2025\/05\/Plakat-Flyer-Elternabend-sexualisierte-Gewalt-2025-St-Michael.pdf.pdf\">Plakat Flyer Elternabend sexualisierte Gewalt 2025 St Michael.pdf<\/a><\/p><\/div><\/div><\/div><div class=\"ea-card sp-ea-single\"><h3 class=\"ea-header\"><a class=\"collapsed\" id=\"ea-header-50053\" role=\"button\" data-sptoggle=\"spcollapse\" data-sptarget=\"#collapse50053\" aria-controls=\"collapse50053\" href=\"#\" aria-expanded=\"false\" tabindex=\"0\"><i aria-hidden=\"true\" role=\"presentation\" class=\"ea-expand-icon eap-icon-ea-expand-plus\"><\/i> 25.04.2024 \u201eSing mit und du Dir Gutes\"<\/a><\/h3><div class=\"sp-collapse spcollapse \" id=\"collapse50053\" data-parent=\"#sp-ea-5005\" role=\"region\" aria-labelledby=\"ea-header-50053\"> <div class=\"ea-body\"><p><del><img loading=\"lazy\" decoding=\"async\" class=\" wp-image-2024 alignleft\" src=\"https:\/\/burscheid-sonnenblume.de\/wp-content\/uploads\/2020\/03\/LOGO-Familienzentrum-Wermelskirchen-und-Burscheid-6-1.png_1815800200.png\" alt=\"\" width=\"122\" height=\"81\" srcset=\"https:\/\/burscheid-sonnenblume.de\/wp-content\/uploads\/2020\/03\/LOGO-Familienzentrum-Wermelskirchen-und-Burscheid-6-1.png_1815800200.png 714w, https:\/\/burscheid-sonnenblume.de\/wp-content\/uploads\/2020\/03\/LOGO-Familienzentrum-Wermelskirchen-und-Burscheid-6-1.png_1815800200-300x200.png 300w\" sizes=\"auto, (max-width: 122px) 100vw, 122px\" \/><\/del>Das katholische Familienzentrum organisierten den Tag: \u201e<strong>Sing mit und tu Dir Gutes\"<br \/><\/strong>Am Donnerstag 25.04.2024 findet dieser von 15:00 - 17:00 Uhr im Pfarrzentrum ST. Michael in WK statt.<\/p><p>Download Flyer: <a href=\"https:\/\/burscheid-sonnenblume.de\/wp-content\/uploads\/2024\/04\/Plakat-Singen-V3-25.4.2024-Sing-mit-und-tu-Dir-Gutes.pdf\">Plakat - Sing mit und tu Dir Gutes<\/a><\/p><\/div><\/div><\/div><div class=\"ea-card sp-ea-single\"><h3 class=\"ea-header\"><a class=\"collapsed\" id=\"ea-header-50054\" role=\"button\" data-sptoggle=\"spcollapse\" data-sptarget=\"#collapse50054\" aria-controls=\"collapse50054\" href=\"#\" aria-expanded=\"false\" tabindex=\"0\"><i aria-hidden=\"true\" role=\"presentation\" class=\"ea-expand-icon eap-icon-ea-expand-plus\"><\/i> 27.03.2024 \u201eGeheime Ostervorbereitungen\"<\/a><\/h3><div class=\"sp-collapse spcollapse \" id=\"collapse50054\" data-parent=\"#sp-ea-5005\" role=\"region\" aria-labelledby=\"ea-header-50054\"> <div class=\"ea-body\"><p><del><img loading=\"lazy\" decoding=\"async\" class=\" wp-image-2024 alignleft\" src=\"https:\/\/burscheid-sonnenblume.de\/wp-content\/uploads\/2020\/03\/LOGO-Familienzentrum-Wermelskirchen-und-Burscheid-6-1.png_1815800200.png\" alt=\"\" width=\"122\" height=\"81\" srcset=\"https:\/\/burscheid-sonnenblume.de\/wp-content\/uploads\/2020\/03\/LOGO-Familienzentrum-Wermelskirchen-und-Burscheid-6-1.png_1815800200.png 714w, https:\/\/burscheid-sonnenblume.de\/wp-content\/uploads\/2020\/03\/LOGO-Familienzentrum-Wermelskirchen-und-Burscheid-6-1.png_1815800200-300x200.png 300w\" sizes=\"auto, (max-width: 122px) 100vw, 122px\" \/><\/del>Das katholische Familienzentrum organisierten den Tag: \u201e<strong>Geheime Ostervorbereitungen\"<br \/><\/strong>Am Mittwoch 27.03.2024 findet dieser von 09:00 - 15:00 Uhr im Pfarrzentrum St. Michael, K\u00f6lner Str. 41 in WK statt.<\/p><p>Download Flyer: <a href=\"https:\/\/burscheid-sonnenblume.de\/wp-content\/uploads\/2024\/02\/Kath.-Familienzentrum-Ostern-2024.pdf\">Kath. Familienzentrum Ostern 2024<\/a><\/p><\/div><\/div><\/div><div class=\"ea-card sp-ea-single\"><h3 class=\"ea-header\"><a class=\"collapsed\" id=\"ea-header-50055\" role=\"button\" data-sptoggle=\"spcollapse\" data-sptarget=\"#collapse50055\" aria-controls=\"collapse50055\" href=\"#\" aria-expanded=\"false\" tabindex=\"0\"><i aria-hidden=\"true\" role=\"presentation\" class=\"ea-expand-icon eap-icon-ea-expand-plus\"><\/i> 27.01.2024 \u201eExperimentieren f\u00fcr Kinder mit einem Elternteil\"<\/a><\/h3><div class=\"sp-collapse spcollapse \" id=\"collapse50055\" data-parent=\"#sp-ea-5005\" role=\"region\" aria-labelledby=\"ea-header-50055\"> <div class=\"ea-body\"><p><del><img loading=\"lazy\" decoding=\"async\" class=\" wp-image-2024 alignleft\" src=\"https:\/\/burscheid-sonnenblume.de\/wp-content\/uploads\/2020\/03\/LOGO-Familienzentrum-Wermelskirchen-und-Burscheid-6-1.png_1815800200.png\" alt=\"\" width=\"122\" height=\"81\" srcset=\"https:\/\/burscheid-sonnenblume.de\/wp-content\/uploads\/2020\/03\/LOGO-Familienzentrum-Wermelskirchen-und-Burscheid-6-1.png_1815800200.png 714w, https:\/\/burscheid-sonnenblume.de\/wp-content\/uploads\/2020\/03\/LOGO-Familienzentrum-Wermelskirchen-und-Burscheid-6-1.png_1815800200-300x200.png 300w\" sizes=\"auto, (max-width: 122px) 100vw, 122px\" \/><\/del>Das katholische Familienzentrum organisierten den Vormittag: \u201e<strong>Experimentieren f\u00fcr Kinder mit einem Elternteil\"<br \/><\/strong>Am Samstag 27.01.2024 findet dieser von 10:30 - 12:00 Uhr in der Kath. Kita. St. Michael (Schillerstr. 10a, 42929 Wermelskirchen) statt.<\/p><p>Download Flyer: <a href=\"https:\/\/burscheid-sonnenblume.de\/wp-content\/uploads\/2024\/01\/Lohmis_Farben_Jan_2024_00fbe6e0f9229e60106c232b12c6bd86.pdf\">Lohmis_Farben_Jan_2024<\/a><\/p><\/div><\/div><\/div><div class=\"ea-card sp-ea-single\"><h3 class=\"ea-header\"><a class=\"collapsed\" id=\"ea-header-50056\" role=\"button\" data-sptoggle=\"spcollapse\" data-sptarget=\"#collapse50056\" aria-controls=\"collapse50056\" href=\"#\" aria-expanded=\"false\" tabindex=\"0\"><i aria-hidden=\"true\" role=\"presentation\" class=\"ea-expand-icon eap-icon-ea-expand-plus\"><\/i> 23.11.2023 \u201ePl\u00e4tzchen-Backen f\u00fcr Kinder von 3 bis 5 Jahren\"<\/a><\/h3><div class=\"sp-collapse spcollapse \" id=\"collapse50056\" data-parent=\"#sp-ea-5005\" role=\"region\" aria-labelledby=\"ea-header-50056\"> <div class=\"ea-body\"><p><del><img loading=\"lazy\" decoding=\"async\" class=\" wp-image-2024 alignleft\" src=\"https:\/\/burscheid-sonnenblume.de\/wp-content\/uploads\/2020\/03\/LOGO-Familienzentrum-Wermelskirchen-und-Burscheid-6-1.png_1815800200.png\" alt=\"\" width=\"122\" height=\"81\" srcset=\"https:\/\/burscheid-sonnenblume.de\/wp-content\/uploads\/2020\/03\/LOGO-Familienzentrum-Wermelskirchen-und-Burscheid-6-1.png_1815800200.png 714w, https:\/\/burscheid-sonnenblume.de\/wp-content\/uploads\/2020\/03\/LOGO-Familienzentrum-Wermelskirchen-und-Burscheid-6-1.png_1815800200-300x200.png 300w\" sizes=\"auto, (max-width: 122px) 100vw, 122px\" \/><\/del>Das katholische Familienzentrum organisierten den Nachmittag: \u201e<strong>Pl\u00e4tzchen-Backen f\u00fcr Kinder - 3 bis 5 Jahre\"<\/strong><\/p><p style=\"font-weight: 300\">Am 23.11.2023 findet dieser von 15:00 - 16:00 Uhr im Pfarrzentrum St. Michael, K\u00f6lner Str. 41 statt.<\/p><p>Download Flyer: <a href=\"https:\/\/burscheid-sonnenblume.de\/wp-content\/uploads\/2023\/11\/Plaetzchen-2-plakat-Nov-23_.pdf\">Pl\u00e4tzchen 2 plakat Nov 23_<\/a><\/p><\/div><\/div><\/div><div class=\"ea-card sp-ea-single\"><h3 class=\"ea-header\"><a class=\"collapsed\" id=\"ea-header-50057\" role=\"button\" data-sptoggle=\"spcollapse\" data-sptarget=\"#collapse50057\" aria-controls=\"collapse50057\" href=\"#\" aria-expanded=\"false\" tabindex=\"0\"><i aria-hidden=\"true\" role=\"presentation\" class=\"ea-expand-icon eap-icon-ea-expand-plus\"><\/i> 18.11.2023 \u201eM\u00e4rchen aus aller Welt + Bastelangebot\"<\/a><\/h3><div class=\"sp-collapse spcollapse \" id=\"collapse50057\" data-parent=\"#sp-ea-5005\" role=\"region\" aria-labelledby=\"ea-header-50057\"> <div class=\"ea-body\"><p><del><img loading=\"lazy\" decoding=\"async\" class=\" wp-image-2024 alignleft\" src=\"https:\/\/burscheid-sonnenblume.de\/wp-content\/uploads\/2020\/03\/LOGO-Familienzentrum-Wermelskirchen-und-Burscheid-6-1.png_1815800200.png\" alt=\"\" width=\"122\" height=\"81\" srcset=\"https:\/\/burscheid-sonnenblume.de\/wp-content\/uploads\/2020\/03\/LOGO-Familienzentrum-Wermelskirchen-und-Burscheid-6-1.png_1815800200.png 714w, https:\/\/burscheid-sonnenblume.de\/wp-content\/uploads\/2020\/03\/LOGO-Familienzentrum-Wermelskirchen-und-Burscheid-6-1.png_1815800200-300x200.png 300w\" sizes=\"auto, (max-width: 122px) 100vw, 122px\" \/><\/del>Das katholische Familienzentrum organisierten den Vormittag:\u00a0\u201e<strong>M\u00e4rchen aus aller Welt + Bastelangebot\"<\/strong><\/p><p style=\"font-weight: 300\">Am 18.11.2023 findet dieser von 10:00 - 12:00 Uhr im Pfarrheim St. Apollinaris, Grunewald 5 statt.<\/p><p>Download Flyer: <a href=\"https:\/\/burscheid-sonnenblume.de\/wp-content\/uploads\/2023\/10\/plakat-Maerchen-11-2023.pdf\">Plakat M\u00e4rchen 11 2023<\/a><\/p><\/div><\/div><\/div><div class=\"ea-card sp-ea-single\"><h3 class=\"ea-header\"><a class=\"collapsed\" id=\"ea-header-50058\" role=\"button\" data-sptoggle=\"spcollapse\" data-sptarget=\"#collapse50058\" aria-controls=\"collapse50058\" href=\"#\" aria-expanded=\"false\" tabindex=\"0\"><i aria-hidden=\"true\" role=\"presentation\" class=\"ea-expand-icon eap-icon-ea-expand-plus\"><\/i> 19.09.2023 \u201eEin K\u00fcrbis f\u00fcr die ganze Familie\"<\/a><\/h3><div class=\"sp-collapse spcollapse \" id=\"collapse50058\" data-parent=\"#sp-ea-5005\" role=\"region\" aria-labelledby=\"ea-header-50058\"> <div class=\"ea-body\"><p><del><img loading=\"lazy\" decoding=\"async\" class=\" wp-image-2024 alignleft\" src=\"https:\/\/burscheid-sonnenblume.de\/wp-content\/uploads\/2020\/03\/LOGO-Familienzentrum-Wermelskirchen-und-Burscheid-6-1.png_1815800200.png\" alt=\"\" width=\"122\" height=\"81\" srcset=\"https:\/\/burscheid-sonnenblume.de\/wp-content\/uploads\/2020\/03\/LOGO-Familienzentrum-Wermelskirchen-und-Burscheid-6-1.png_1815800200.png 714w, https:\/\/burscheid-sonnenblume.de\/wp-content\/uploads\/2020\/03\/LOGO-Familienzentrum-Wermelskirchen-und-Burscheid-6-1.png_1815800200-300x200.png 300w\" sizes=\"auto, (max-width: 122px) 100vw, 122px\" \/><\/del>Das katholische Familienzentrum organisierten den Vormittag: <b><strong>\"Ein K\u00fcrbis f\u00fcr die ganze Familie\"<\/strong><\/b><\/p><p style=\"font-weight: 300\">Am 07.10.2023 findet dieser von 11:00 - 13:00 Uhr im Pfarrzentrum St. Michael, K\u00f6lner Str. 41 in Wermelskirchen statt.<\/p><p>Download Flyer: <a href=\"https:\/\/burscheid-sonnenblume.de\/wp-content\/uploads\/2023\/09\/Logo_bunt_klein1.docx_Plakat_Kuerbis.pdf\">Flyer Plakat_Kuerbis<\/a><\/p><\/div><\/div><\/div><div class=\"ea-card sp-ea-single\"><h3 class=\"ea-header\"><a class=\"collapsed\" id=\"ea-header-50059\" role=\"button\" data-sptoggle=\"spcollapse\" data-sptarget=\"#collapse50059\" aria-controls=\"collapse50059\" href=\"#\" aria-expanded=\"false\" tabindex=\"0\"><i aria-hidden=\"true\" role=\"presentation\" class=\"ea-expand-icon eap-icon-ea-expand-plus\"><\/i> 19.09.2023 \u201eSmartphone und Computer Was, wie lange und wann?!?\"<\/a><\/h3><div class=\"sp-collapse spcollapse \" id=\"collapse50059\" data-parent=\"#sp-ea-5005\" role=\"region\" aria-labelledby=\"ea-header-50059\"> <div class=\"ea-body\"><p><del><img loading=\"lazy\" decoding=\"async\" class=\" wp-image-2024 alignleft\" src=\"https:\/\/burscheid-sonnenblume.de\/wp-content\/uploads\/2020\/03\/LOGO-Familienzentrum-Wermelskirchen-und-Burscheid-6-1.png_1815800200.png\" alt=\"\" width=\"122\" height=\"81\" srcset=\"https:\/\/burscheid-sonnenblume.de\/wp-content\/uploads\/2020\/03\/LOGO-Familienzentrum-Wermelskirchen-und-Burscheid-6-1.png_1815800200.png 714w, https:\/\/burscheid-sonnenblume.de\/wp-content\/uploads\/2020\/03\/LOGO-Familienzentrum-Wermelskirchen-und-Burscheid-6-1.png_1815800200-300x200.png 300w\" sizes=\"auto, (max-width: 122px) 100vw, 122px\" \/><\/del>Das katholische Familienzentrum organisiert den Elternabend: <strong>\"Smartphone und Computer Was, wie lange und wann?!?\"<br \/><\/strong><\/p><p>Am 19.09.2023 findet dieser um 19:00 Uhr im Pfarrzentrum St. Michael, K\u00f6lner Str. 41 in Wermelskirchen statt.<\/p><p>Download Flyer: <a href=\"https:\/\/burscheid-sonnenblume.de\/wp-content\/uploads\/2023\/09\/Medienabend_Eltern_19_Sept_2023._Plakat_b9c2f2c5617f91491ea4a728c9a831be.pdf\">Medienabend_Eltern_19_Sept_2023._Plakat<\/a><\/p><\/div><\/div><\/div><div class=\"ea-card sp-ea-single\"><h3 class=\"ea-header\"><a class=\"collapsed\" id=\"ea-header-500510\" role=\"button\" data-sptoggle=\"spcollapse\" data-sptarget=\"#collapse500510\" aria-controls=\"collapse500510\" href=\"#\" aria-expanded=\"false\" tabindex=\"0\"><i aria-hidden=\"true\" role=\"presentation\" class=\"ea-expand-icon eap-icon-ea-expand-plus\"><\/i> 06.05.2023 \u201ePhysikanten &amp; Co.\u201c - 1 Million begeisterte Zuschauer weltweit - f\u00fcr Schulkinder<\/a><\/h3><div class=\"sp-collapse spcollapse \" id=\"collapse500510\" data-parent=\"#sp-ea-5005\" role=\"region\" aria-labelledby=\"ea-header-500510\"> <div class=\"ea-body\"><p><del><img loading=\"lazy\" decoding=\"async\" class=\"wp-image-7688 alignleft\" src=\"https:\/\/burscheid-sonnenblume.de\/wp-content\/uploads\/2023\/04\/Plakat-Physikanten.jpg\" alt=\"\" width=\"196\" height=\"279\" srcset=\"https:\/\/burscheid-sonnenblume.de\/wp-content\/uploads\/2023\/04\/Plakat-Physikanten.jpg 637w, https:\/\/burscheid-sonnenblume.de\/wp-content\/uploads\/2023\/04\/Plakat-Physikanten-210x300.jpg 210w\" sizes=\"auto, (max-width: 196px) 100vw, 196px\" \/><\/del>Das katholische Familienzentrum organisiert eine preisgekr\u00f6nte Wissenschafts Show, in der physikalische Experimente wie Magie erscheinen: die Physikanten -Show.<\/p><p>Die Mitarbeiter der Show habe auch f\u00fcr das Fernsehen z.B. \"die Sendung mit der Maus\" oder \"Gallileo\" physikalische\u00a0 Experimente aufgebaut und mit Witz und Charme durchgef\u00fchrt.<br \/>Sie beweisen, dass Wissenschaft und Entertainment sich nicht ausschlie\u00dfen. <strong>Am Samstag, den 6.5.2023<\/strong> k\u00f6nnen sich alle von der Darbietung der wissenschaftlichen physikalischen Experimente begeistern lassen. Es knallt und leuchtet, pufft und wirbelt. Die Veranstaltung findet im Megaphon \/ Burscheid statt.<br \/><strong>Einlass ist ab 18.30<\/strong>. Die Karten kosten f\u00fcr Erw. 12 \u20ac incl. eines Freigetr\u00e4nkes, Kinder, Jugendliche , Studenten*innen, Menschen mit Behindertenausweis und Zusatz B\/H zahlen 6 \u20ac incl. eines Freigetr\u00e4nks.<\/p><p><del>Der Kartenverkauf findet an drei Orten statt:<\/del><br \/><del>- zu den \u00d6ffnungszeiten der Katholischen \u00d6ffentl. B\u00fccherei. Do 14.30 -17.30 und So 10.00 -12.00 Pfarrzentrum St.Michael, K\u00f6lner Str. 41, 42929 Wermelskirchen,<\/del><br \/><del>- im Jugendzentrum Megaphon Burscheid, Montanusstr.15, 51399 Burscheid zu dessen \u00d6ffnungszeiten<\/del><br \/><del>- im Pfarrzentrum St. Michael, K\u00f6lner Str. 41, 42929 Wermelskirchen am Freitag, 21.4. von 12.00 - 13.00 und Freitag 28.4. von 10.00 -12.00<\/del><\/p><p><span style=\"color: #6b8e23\">Update: Der Kartenverkauf finden an der Abendkasse statt.<\/span><\/p><p>Restkarten ggf. an der Abendkassse. Snacks gibt es gegen eine Spende,so dass keiner hungern muss.<\/p><p>Download Flyer: <a href=\"https:\/\/burscheid-sonnenblume.de\/wp-content\/uploads\/2023\/04\/Plakate_Physikanten-Show-6.pdf-text-gestrichen.pdf\">Plakate_Physikanten Show-6.pdf<\/a><\/p><\/div><\/div><\/div><div class=\"ea-card sp-ea-single\"><h3 class=\"ea-header\"><a class=\"collapsed\" id=\"ea-header-500511\" role=\"button\" data-sptoggle=\"spcollapse\" data-sptarget=\"#collapse500511\" aria-controls=\"collapse500511\" href=\"#\" aria-expanded=\"false\" tabindex=\"0\"><i aria-hidden=\"true\" role=\"presentation\" class=\"ea-expand-icon eap-icon-ea-expand-plus\"><\/i> 06.05.2023 Physikanten 4 Kids - Wissenschaftsshow f\u00fcr Kita-Kinder<\/a><\/h3><div class=\"sp-collapse spcollapse \" id=\"collapse500511\" data-parent=\"#sp-ea-5005\" role=\"region\" aria-labelledby=\"ea-header-500511\"> <div class=\"ea-body\"><p><img loading=\"lazy\" decoding=\"async\" class=\" wp-image-7666 alignleft\" src=\"https:\/\/burscheid-sonnenblume.de\/wp-content\/uploads\/2023\/03\/Physik-4-Kids.jpg\" alt=\"\" width=\"176\" height=\"247\" srcset=\"https:\/\/burscheid-sonnenblume.de\/wp-content\/uploads\/2023\/03\/Physik-4-Kids.jpg 450w, https:\/\/burscheid-sonnenblume.de\/wp-content\/uploads\/2023\/03\/Physik-4-Kids-214x300.jpg 214w\" sizes=\"auto, (max-width: 176px) 100vw, 176px\" \/>Einladung: Physikanten 4 Kids - Wissenschaftsshow f\u00fcr Kita-Kinder<\/p><p>Ort: im Megaphon Burscheid,<br \/>Montanusstr. 15, 51399 Burscheid<br \/>Zeit:\u00a0\u00a0\u00a0 06.05.2023 -von 11:00 bis 12:00 Uhr - Der Kartenverkauf findet an der Kasser der Veranstalltung statt.<\/p><p>Download Flyer: <a href=\"https:\/\/burscheid-sonnenblume.de\/wp-content\/uploads\/2023\/04\/PLakate_1-1.pdf-Ph-4-kids-text-gestrichen.pdf\">PLakate_1-1.pdf Ph 4 kids<\/a><\/p><\/div><\/div><\/div><div class=\"ea-card sp-ea-single\"><h3 class=\"ea-header\"><a class=\"collapsed\" id=\"ea-header-500512\" role=\"button\" data-sptoggle=\"spcollapse\" data-sptarget=\"#collapse500512\" aria-controls=\"collapse500512\" href=\"#\" aria-expanded=\"false\" tabindex=\"0\"><i aria-hidden=\"true\" role=\"presentation\" class=\"ea-expand-icon eap-icon-ea-expand-plus\"><\/i> 22.04.2023 Erste-Hilfe-Kurs am Kind<\/a><\/h3><div class=\"sp-collapse spcollapse \" id=\"collapse500512\" data-parent=\"#sp-ea-5005\" role=\"region\" aria-labelledby=\"ea-header-500512\"> <div class=\"ea-body\"><p>Einladung: Erste Hilfe Kurs am Kind<\/p><p><img loading=\"lazy\" decoding=\"async\" class=\"wp-image-7514 alignleft\" src=\"https:\/\/burscheid-sonnenblume.de\/wp-content\/uploads\/2023\/01\/Erste-Hilfe-Kurs-2023.jpg\" alt=\"\" width=\"179\" height=\"253\" srcset=\"https:\/\/burscheid-sonnenblume.de\/wp-content\/uploads\/2023\/01\/Erste-Hilfe-Kurs-2023.jpg 542w, https:\/\/burscheid-sonnenblume.de\/wp-content\/uploads\/2023\/01\/Erste-Hilfe-Kurs-2023-212x300.jpg 212w\" sizes=\"auto, (max-width: 179px) 100vw, 179px\" \/>... f\u00fcr Eltern, interessierte Gro\u00dfeltern und zur Vertiefung der Erste Hilfe Kenntnisse anerkannter Ersthelfer.<\/p><p>Hinweis: Kinderbetreuung m\u00f6glich, nach Absprache und Verf\u00fcgbarkeit<br \/>Anmeldungen per E-Mail unter <a href=\"mailto:kita-sonnenblume@caritas-rheinberg.de\">kita-sonnenblume@caritas-rheinberg.de<\/a> und 02174\/ 5213<\/p><p><span style=\"color: #6b8e23\">Update: Am 22.04.2023 fand der vom kath. Familienzentrum organisierte \u201cErste \u2013 Hilfe \u2013 Kurs \u2013 am \u2013 Kind\u201d in den R\u00e4umlichkeiten unser Einrichtung statt. Wir haben und sehr \u00fcber die folgenden Worte einer Teilnehmerin gefreut.<\/span><\/p><p><span style=\"color: #6b8e23\"><em>\u201c\u2026eine bunte Truppe aus frisch gebackenen, Kindergarten- und Gro\u00dfeltern hat sich eingefunden.\u00a0<\/em><\/span><br \/><span style=\"color: #6b8e23\"><em>In einer fast dreist\u00fcndigen Vortrags \u2013 und Gespr\u00e4chsrunde hat der Referent uns nicht nur Wissen und hilfreiche Anwendungen \u00a0vermittelt, sondern auch \u00c4ngste und Bef\u00fcrchtungen relativiert. Praktische \u00dcbungen und die Einbindung aller Fragen rundeten diesen lehrreichen Vormittag ab. \u00a0Zur Vertiefung und Wiederholen \u00a0erhielten wir ein umfangreiches Skript.\u00a0Die Mitarbeiter*innen der Kita. Sonnenblume sorgten mit Snacks und Getr\u00e4nken f\u00fcr den Wohlf\u00fchlfaktor.\u201d<\/em><\/span><\/p><p><span style=\"color: #6b8e23\">DOWNLOAD Flyer: <a style=\"color: #6b8e23\" href=\"https:\/\/burscheid-sonnenblume.de\/wp-content\/uploads\/2023\/01\/Plakat-Erste-Hilfe-Familienzentrum.pdf\">Plakat Erste Hilfe Familienzentrum<\/a><\/span><\/p><\/div><\/div><\/div><div class=\"ea-card sp-ea-single\"><h3 class=\"ea-header\"><a class=\"collapsed\" id=\"ea-header-500513\" role=\"button\" data-sptoggle=\"spcollapse\" data-sptarget=\"#collapse500513\" aria-controls=\"collapse500513\" href=\"#\" aria-expanded=\"false\" tabindex=\"0\"><i aria-hidden=\"true\" role=\"presentation\" class=\"ea-expand-icon eap-icon-ea-expand-plus\"><\/i> 15.04.2023 Experimente \"Eltern-Kind-Workshop\" weisses Pulver<\/a><\/h3><div class=\"sp-collapse spcollapse \" id=\"collapse500513\" data-parent=\"#sp-ea-5005\" role=\"region\" aria-labelledby=\"ea-header-500513\"> <div class=\"ea-body\"><p>Einladung: EXPERIMENTIERVORMITTAG RUND UM DAS THEMA WEISSES PULVER<\/p><p><img loading=\"lazy\" decoding=\"async\" class=\"wp-image-7665 alignleft\" src=\"https:\/\/burscheid-sonnenblume.de\/wp-content\/uploads\/2023\/03\/2023.04.15-Flyer-Weisses-Pulver.jpg\" alt=\"\" width=\"183\" height=\"261\" srcset=\"https:\/\/burscheid-sonnenblume.de\/wp-content\/uploads\/2023\/03\/2023.04.15-Flyer-Weisses-Pulver.jpg 640w, https:\/\/burscheid-sonnenblume.de\/wp-content\/uploads\/2023\/03\/2023.04.15-Flyer-Weisses-Pulver-211x300.jpg 211w\" sizes=\"auto, (max-width: 183px) 100vw, 183px\" \/>Ort:<br \/>Kath. Kita St. Michael,<br \/>Schillerstr. 10a, 42929 Wermelskirchen<br \/>Zeit:\u00a0\u00a0\u00a0 15.04.2023 von 10.30 -12.00 Uhr<\/p><p>Anmeldung bei Frau Kerstin Nitsche unter <a href=\"mailto:kathkiga@t-online.de\">kathkiga@t-online.de<\/a> oder 02196\/6613<\/p><p>DOWNLOAD Plakat:<a href=\"https:\/\/burscheid-sonnenblume.de\/wp-content\/uploads\/2023\/03\/2023.04.15-Flyer-Weisses-Pulver.pdf\">Flyer Wei\u00dfes Pulver als PDF<\/a><\/p><\/div><\/div><\/div><div class=\"ea-card sp-ea-single\"><h3 class=\"ea-header\"><a class=\"collapsed\" id=\"ea-header-500514\" role=\"button\" data-sptoggle=\"spcollapse\" data-sptarget=\"#collapse500514\" aria-controls=\"collapse500514\" href=\"#\" aria-expanded=\"false\" tabindex=\"0\"><i aria-hidden=\"true\" role=\"presentation\" class=\"ea-expand-icon eap-icon-ea-expand-plus\"><\/i> 07.04.2023 Familienkreuzweg<\/a><\/h3><div class=\"sp-collapse spcollapse \" id=\"collapse500514\" data-parent=\"#sp-ea-5005\" role=\"region\" aria-labelledby=\"ea-header-500514\"> <div class=\"ea-body\"><p>\u00dcber unseren Pastorlareferenten Herrn Benjamin Floer wurden wir \u00fcber eine,\u00a0tolle Neuigkeit informiert.<\/p><p>Einladung zum Kreuzweg f\u00fcr Kinder und Familien<\/p><p>Am 7. April 2023 um 10 Uhr laden wir alle Familien mit Kindern herzlich zum Kreuzweg ein. Der Weg beginnt in St. Apollinaris und f\u00fchrt auf einem kleinen Spaziergang zu den verschiedenen Kreuzwegstationen. Bei schlechtem Wetter findet die Veranstaltung in der Kirche statt. Um den Kreuzweg zu gestalten, wird jede Familie gebeten, zwei St\u00f6cke mit einer L\u00e4nge von ca. 20cm mitzubringen.Der Kreuzweg ist ein wichtiges Ereignis in der katholischen Kirche und dient dazu, sich auf die Leiden und den Tod Jesu Christi zu besinnen.<\/p><p>Mit diesem speziellen Kreuzweg f\u00fcr Kinder und Familien sollen auch die j\u00fcngsten Mitglieder der Gemeinde an diese Bedeutung herangef\u00fchrt werden.<\/p><p>Wir freuen uns auf euch! - Benjamin Floer\u00a0 - <a href=\"mailto:benjamin.floer@erzbistum-koeln.de\">benjamin.floer@erzbistum-koeln.de<\/a><\/p><\/div><\/div><\/div><div class=\"ea-card sp-ea-single\"><h3 class=\"ea-header\"><a class=\"collapsed\" id=\"ea-header-500515\" role=\"button\" data-sptoggle=\"spcollapse\" data-sptarget=\"#collapse500515\" aria-controls=\"collapse500515\" href=\"#\" aria-expanded=\"false\" tabindex=\"0\"><i aria-hidden=\"true\" role=\"presentation\" class=\"ea-expand-icon eap-icon-ea-expand-plus\"><\/i> 24.03.2023 Osterbastelaktion<\/a><\/h3><div class=\"sp-collapse spcollapse \" id=\"collapse500515\" data-parent=\"#sp-ea-5005\" role=\"region\" aria-labelledby=\"ea-header-500515\"> <div class=\"ea-body\"><p>Einladung: Osterbastelaktion f\u00fcr Kinder von 6 -10 Jahren<\/p><p><img loading=\"lazy\" decoding=\"async\" class=\" wp-image-7606 alignleft\" src=\"https:\/\/burscheid-sonnenblume.de\/wp-content\/uploads\/2023\/03\/Plakat-24.03.2023.jpg\" alt=\"\" width=\"170\" height=\"234\" srcset=\"https:\/\/burscheid-sonnenblume.de\/wp-content\/uploads\/2023\/03\/Plakat-24.03.2023.jpg 528w, https:\/\/burscheid-sonnenblume.de\/wp-content\/uploads\/2023\/03\/Plakat-24.03.2023-218x300.jpg 218w\" sizes=\"auto, (max-width: 170px) 100vw, 170px\" \/>Ort:<br \/>Pfarrzentrum St. Michael,<br \/>K\u00f6lner Str.41, 42929 Wermelskirchen<br \/>Zeit:\u00a0\u00a0\u00a0 24.3.2023 von 16.00 -17.30 Uhr<\/p><p>Anmeldung bis 20.3.2023 unter <a href=\"mailto:kathkiga@t-online.de\">kathkiga@t-online.de<\/a> oder 02196\/6613<\/p><p>DOWNLOAD Plakat: <a href=\"https:\/\/burscheid-sonnenblume.de\/wp-content\/uploads\/2023\/03\/Osterbastelaktion-fuer-Kinder.docx-24.3.2023-Plakat.pdf\">Osterbastelaktion f\u00fcr Kinder<\/a><\/p><\/div><\/div><\/div><div class=\"ea-card sp-ea-single\"><h3 class=\"ea-header\"><a class=\"collapsed\" id=\"ea-header-500516\" role=\"button\" data-sptoggle=\"spcollapse\" data-sptarget=\"#collapse500516\" aria-controls=\"collapse500516\" href=\"#\" aria-expanded=\"false\" tabindex=\"0\"><i aria-hidden=\"true\" role=\"presentation\" class=\"ea-expand-icon eap-icon-ea-expand-plus\"><\/i> 24.02.2023 Burscheider Friedens-Weg am Jahrestag des Angriffs auf die Ukraine<\/a><\/h3><div class=\"sp-collapse spcollapse \" id=\"collapse500516\" data-parent=\"#sp-ea-5005\" role=\"region\" aria-labelledby=\"ea-header-500516\"> <div class=\"ea-body\"><p>Burscheider Friedens-Weg am Jahrestag des Angriffs auf die Ukraine<\/p><p><strong>am Freitag, 24. Februar 2023 um 18.30 Uhr <\/strong>(Dauer ca. 60 Minuten)<br \/><strong>Start:<\/strong> auf dem Platz vor der Kath. Kirche (St. Laurentius) in Burscheid, Altenberger Stra\u00dfe 3<\/p><p>Wir protestieren gegen den Angriff Russlands auf die Ukraine \u2013 und klagen \u00fcber die vielen Toten und das gro\u00dfe Leid.<br \/>Gemeinsam gehen wir durch die Stadt und machen Halt am Rathaus und an der Ev. Kirche. Unser Weg endet an der Freikirchlichen ev. Gemeinde Burscheid, Weiherstra\u00dfe 5.<\/p><p><strong><em>\u201eRichte unsere F\u00fc\u00dfe auf den Weg des Friedens!\u201c<\/em><\/strong><\/p><p>Bitte bringt Kerzen im Glas mit! (Z.B. ein Teelicht in einem Marmeladenglas oder ein kleines Windlicht oder \u00e4hnliches)<\/p><p>Es laden ein:<\/p><ul><li>Ev. Kirchengemeinde Burscheid<\/li><li>Freikirchliche ev. Gemeinde Burscheid<\/li><li>Kath. Kirchengemeinde St. Laurentius<\/li><\/ul><p>\"Liebe unserer Gemeinde (unseren Gemeinden) verbundene Menschen in Burscheid und Umgebung,<br \/>wir, die Evangelische Kirchengemeinde, laden Sie und euch herzlich ein, am Burscheider Friedensweg der Kirchen am 24. Februar teilzunehmen.<\/p><p>Am Jahrestag des russischen Angriffs auf die Ukraine und des Beginns eines grausamen und sinnlosen Krieges wollen wir ein Zeichen setzen f\u00fcr unsere Trauer und unseren Protest.<br \/>Gleichzeitig wollen wir unsere Solidarit\u00e4t und unser tiefes Mitgef\u00fchl mit den Menschen in der Ukraine und den Ukrainer:innen, die in unsererm Land Zuflucht gefunden haben, ausdr\u00fccken.<br \/>Wir laden alle herzlich ein, mitzugehen und diesen Aufruf weiterzusagen oder weiterzuleiten.<\/p><p>Wenn Sie (oder ihr) Fragen haben, rufen Sie uns gern an. Herzliche Gr\u00fc\u00dfe, Annerose Frickenschmidt (Tel. 76 90 66)<\/p><ul><li><a href=\"https:\/\/burscheid-sonnenblume.de\/wp-content\/uploads\/2023\/02\/Plakat-Burscheider-Friedensweg-UKR.pdf\">Plakat Burscheider Friedensweg UKR als PDF<\/a><\/li><li><a href=\"https:\/\/burscheid-sonnenblume.de\/wp-content\/uploads\/2023\/02\/Plakat-Burscheider-Friedensweg.pdf\">Plakat Burscheider Friedensweg als PDF<\/a><\/li><\/ul><p>\u00a0<\/p><\/div><\/div><\/div><div class=\"ea-card sp-ea-single\"><h3 class=\"ea-header\"><a class=\"collapsed\" id=\"ea-header-500517\" role=\"button\" data-sptoggle=\"spcollapse\" data-sptarget=\"#collapse500517\" aria-controls=\"collapse500517\" href=\"#\" aria-expanded=\"false\" tabindex=\"0\"><i aria-hidden=\"true\" role=\"presentation\" class=\"ea-expand-icon eap-icon-ea-expand-plus\"><\/i> 25.11.2022 Pl\u00e4tzchen backen<\/a><\/h3><div class=\"sp-collapse spcollapse \" id=\"collapse500517\" data-parent=\"#sp-ea-5005\" role=\"region\" aria-labelledby=\"ea-header-500517\"> <div class=\"ea-body\"><p>Einladung: Pl\u00e4tzchen backen<\/p><p><img loading=\"lazy\" decoding=\"async\" class=\" wp-image-7100 alignleft\" src=\"https:\/\/burscheid-sonnenblume.de\/wp-content\/uploads\/2022\/11\/Unbenannt.jpg\" alt=\"\" width=\"201\" height=\"190\" \/>... f\u00fcr Kinder im Alter von 3 - 5\u00a0 Jahren in Begleitung eines Erwachsenen im Pfarrzentrum St. Michael vin 15:30 - 17:00 Uhr.<\/p><p>Hinweis: Bitte eine Pl\u00e4tzchendose mitbringen<br \/>Anmeldungen bis 22.11.2022 unter:<br \/>kathkiga@t-online.de oder 02196\/6613<\/p><p>DOWNLOAD Flyer: <a href=\"https:\/\/burscheid-sonnenblume.de\/wp-content\/uploads\/2022\/11\/Pla\u0308tzchen_backen_-_Angebot_Kath._Familienzentrum.pdf\">Pla\u0308tzchen_backen_-_Angebot_Kath._Familienzentrum<\/a><\/p><\/div><\/div><\/div><div class=\"ea-card sp-ea-single\"><h3 class=\"ea-header\"><a class=\"collapsed\" id=\"ea-header-500518\" role=\"button\" data-sptoggle=\"spcollapse\" data-sptarget=\"#collapse500518\" aria-controls=\"collapse500518\" href=\"#\" aria-expanded=\"false\" tabindex=\"0\"><i aria-hidden=\"true\" role=\"presentation\" class=\"ea-expand-icon eap-icon-ea-expand-plus\"><\/i> 05.04.2022 Kinder- und Familienkreuzweg\u00a0an Karfreitag<\/a><\/h3><div class=\"sp-collapse spcollapse \" id=\"collapse500518\" data-parent=\"#sp-ea-5005\" role=\"region\" aria-labelledby=\"ea-header-500518\"> <div class=\"ea-body\"><p>Einladung: Kinder- und Familienkreuzweg\u00a0an Karfreitag<\/p><p><img loading=\"lazy\" decoding=\"async\" class=\"size-medium wp-image-6774 alignleft\" src=\"https:\/\/burscheid-sonnenblume.de\/wp-content\/uploads\/2022\/04\/Weg-300x226.jpg\" alt=\"\" width=\"300\" height=\"226\" srcset=\"https:\/\/burscheid-sonnenblume.de\/wp-content\/uploads\/2022\/04\/Weg-300x226.jpg 300w, https:\/\/burscheid-sonnenblume.de\/wp-content\/uploads\/2022\/04\/Weg.jpg 702w\" sizes=\"auto, (max-width: 300px) 100vw, 300px\" \/>\u00dcber unseren Pastoralreferenten Herrn Benjamin Floer wurden wir \u00fcber eine,\u00a0tolle Aktion informiert, die wir gerne bewerben.<br \/>Herzliche Einladung\u00a0zum Kreuzweg am Karfreitag, 15.04.2022 um 10.30 Uhr\u00a0von Liebfrauen, Hilgen zum Friedhof in Hilgen-Neuenhaus.\u00a0(Bushaltestellen: Hilgen Raiffeisenplatz und Wermelskirchen Neuenhaus)<\/p><p>Bitte bringen Sie pro Familie 2 St\u00f6cke von ca. 30cm L\u00e4nge mit.<\/p><p>DOWNLOAD Flyer: <a href=\"https:\/\/burscheid-sonnenblume.de\/wp-content\/uploads\/2022\/04\/Instagram_2.pdf\">Kinder- und Familienkreuzweg am Karfreitag<\/a><\/p><\/div><\/div><\/div><div class=\"ea-card sp-ea-single\"><h3 class=\"ea-header\"><a class=\"collapsed\" id=\"ea-header-500519\" role=\"button\" data-sptoggle=\"spcollapse\" data-sptarget=\"#collapse500519\" aria-controls=\"collapse500519\" href=\"#\" aria-expanded=\"false\" tabindex=\"0\"><i aria-hidden=\"true\" role=\"presentation\" class=\"ea-expand-icon eap-icon-ea-expand-plus\"><\/i> 30.03.2022 Offener Treff f\u00fcr ukrainische Fl\u00fcchtlinge<\/a><\/h3><div class=\"sp-collapse spcollapse \" id=\"collapse500519\" data-parent=\"#sp-ea-5005\" role=\"region\" aria-labelledby=\"ea-header-500519\"> <div class=\"ea-body\"><p>Begegnungen schaffen \u2013 Raum geben<br \/>\u201eFremde sind Freunde, die man nur noch nicht kennen gelernt hat.\u201c<\/p><p><a href=\"https:\/\/burscheid-sonnenblume.de\/?p=6723\">Weitere Informationen, Fotos sowie ein Video zum offenen Treff f\u00fcr ukrainische Fl\u00fcchtlinge finden Sie - HIER.<\/a><\/p><p>Ein Begegnungscaf\u00e9 f\u00fcr ukrainische Fl\u00fcchtlinge bieten ab sofort die Caritas Kita \u201eSonnenblume\u201c und das Katholische Familienzentrum Burscheid-Wermelskirchen an. Jeden Mittwoch und Freitag, 9.30 bis 11.30 Uhr, bieten sie den offenen Treff f\u00fcr Familien mit Kindern von null bis sechs Jahren. Die Mitarbeitenden schaffen daf\u00fcr einen angenehmen Rahmen mit Getr\u00e4nken, Knabbereien und Spielzeug. Die Eltern beaufsichtigen ihre Kinder und werden dabei durch die Mitarbeitenden der Kindertagesst\u00e4tte unterst\u00fctzt. Die Katholische Kirchengemeinde St. Laurentius stellt den Begegnungsraum im Geb\u00e4ude der Kita, Witzheldener Stra\u00dfe 7, in Burscheid, zur Verf\u00fcgung. Zwei russisch sprechende M\u00fctter der Kita helfen bei der Verst\u00e4ndigung. Zudem wird das Projekt von weiteren Eltern und Ehrenamtlichen unterst\u00fctzt.<\/p><p>Der Treff ist f\u00fcr Teilnehmende kostenfrei. Die jeweils g\u00fcltige Coronaschutzverordnung wird ber\u00fccksichtigt. Dar\u00fcber hinaus gilt die 2-G-Regel. Selbsttest und Masken werden bei Bedarf zur Verf\u00fcgung gestellt.<\/p><p>Kontakt zur Kita erh\u00e4lt man per Telefon 02174 \u2013 52 13 oder per Mail unter<br \/><a href=\"mailto:kita-sonnenblume@caritas-rheinberg.de\"><strong>kita-sonnenblume@caritas-rheinberg.de<\/strong><\/a>.<\/p><\/div><\/div><\/div><div class=\"ea-card sp-ea-single\"><h3 class=\"ea-header\"><a class=\"collapsed\" id=\"ea-header-500520\" role=\"button\" data-sptoggle=\"spcollapse\" data-sptarget=\"#collapse500520\" aria-controls=\"collapse500520\" href=\"#\" aria-expanded=\"false\" tabindex=\"0\"><i aria-hidden=\"true\" role=\"presentation\" class=\"ea-expand-icon eap-icon-ea-expand-plus\"><\/i> 10.02.2022 Die Kinderkirche startet endlich wieder!<\/a><\/h3><div class=\"sp-collapse spcollapse \" id=\"collapse500520\" data-parent=\"#sp-ea-5005\" role=\"region\" aria-labelledby=\"ea-header-500520\"> <div class=\"ea-body\"><p>\u00dcber unseren Pastorlareferenten Herrn Benjamin Floer wurden wir \u00fcber eine,\u00a0tolle Neuigkeit informiert.<\/p><p><em>\"Die Kirchengemeinde l\u00e4dt alle Familien herzlich zu einer Tasse Kaffee und Gespr\u00e4ch ab 10.30 ein. <\/em><br \/><em>Um 11.00 beginnt der Kindergottesdienst: jeden 1. Sonntag im Monat\u00a0\u00a0im Pfarrzentrum St. Laurentius\/Burscheid und jeden 3. Sonntag im Monat im Pfarrzentrum St. Michael\/WK. In den Ferien ist kein Kindergottesdienst. <\/em><br \/><em>Bitte beachten Sie die aktuellen Pfarrnachrichten, da es immer akute \u00c4nderungen geben kann.<\/em><br aria-hidden=\"true\" \/><em>Wir freuen uns auf alle Familien und Ihre Kinder, die gern auch ohne Eltern mitfeiern d\u00fcrfen, da die Kinderkirche zum Schluss zur Gemeinde in die Kirche r\u00fcberwechselt.<\/em><br aria-hidden=\"true\" \/><br aria-hidden=\"true\" \/><em>Viele Gr\u00fc\u00dfe Benjamin Floer\"<\/em><\/p><ul><li><a href=\"https:\/\/burscheid-sonnenblume.de\/wp-content\/uploads\/2022\/02\/PLakate_Kinderkirche.pdf\">Plakate Kinderkirche<\/a><\/li><\/ul><\/div><\/div><\/div><div class=\"ea-card sp-ea-single\"><h3 class=\"ea-header\"><a class=\"collapsed\" id=\"ea-header-500521\" role=\"button\" data-sptoggle=\"spcollapse\" data-sptarget=\"#collapse500521\" aria-controls=\"collapse500521\" href=\"#\" aria-expanded=\"false\" tabindex=\"0\"><i aria-hidden=\"true\" role=\"presentation\" class=\"ea-expand-icon eap-icon-ea-expand-plus\"><\/i> 26.11.2021 Familien Wochenende 14.01 - 16.01.2022<\/a><\/h3><div class=\"sp-collapse spcollapse \" id=\"collapse500521\" data-parent=\"#sp-ea-5005\" role=\"region\" aria-labelledby=\"ea-header-500521\"> <div class=\"ea-body\"><p>\u00dcber unseren Pastorlareferenten Herrn Benjamin Floer wurden wir \u00fcber eine,<\/p><p>wie wir finden, tolle Aktion informiert,<\/p><p>die wir gerne als Teil des Kath. Familienzentrums bewerben.<\/p><p>Bei weiteren Fragen steht Herr Floer Ihnen gerne zur Verf\u00fcgung.<\/p><p><a href=\"https:\/\/burscheid-sonnenblume.de\/wp-content\/uploads\/2021\/11\/PLakate_Altenberg.pdf\">DOWNLOAD FLYER<\/a><\/p><\/div><\/div><\/div><div class=\"ea-card sp-ea-single\"><h3 class=\"ea-header\"><a class=\"collapsed\" id=\"ea-header-500522\" role=\"button\" data-sptoggle=\"spcollapse\" data-sptarget=\"#collapse500522\" aria-controls=\"collapse500522\" href=\"#\" aria-expanded=\"false\" tabindex=\"0\"><i aria-hidden=\"true\" role=\"presentation\" class=\"ea-expand-icon eap-icon-ea-expand-plus\"><\/i> 15.03.2021 Bibel im Karton 2021<\/a><\/h3><div class=\"sp-collapse spcollapse \" id=\"collapse500522\" data-parent=\"#sp-ea-5005\" role=\"region\" aria-labelledby=\"ea-header-500522\"> <div class=\"ea-body\"><p>\u00dcber unseren Pastorlareferenten Herrn Benjamin Floer wurden wir \u00fcber eine, wie wir finden, tolle Aktion informiert, die wir gerne als Teil des Kath. Familienzentrums bewerben. Anbei erhalten Sie <a href=\"https:\/\/burscheid-sonnenblume.de\/?p=5103\">HIER -\u00a0 die detaillierte Anleitung der Aktion \u201eBibel im Karton 2021\u201c sowie die hierf\u00fcr angedachten Bibeltexte als PDF.<\/a><\/p><p><span style=\"color: #6b8e23\"><em>\u201e\u2026 mit dem kath. Familienzentrum w\u00fcrden wir gerne die Aktion \u201eBibel im Karton\u201c anbieten.<br \/>Familien basteln Szenen der Kar- und Ostertage und senden mir ein Foto davon.<br \/><\/em>Aus diesen Bildern erstelle ich ein Kreuzweg Plakat f\u00fcr die Kirchen und Kinderg\u00e4rten (wenn es genug Bilder werden)<\/span><br \/><span style=\"color: #6b8e23\"><em>In jedem Fall zeigen wir alle Bilder auf der Website und nutzen sie in den Online Kindergottesdiensten.<br \/><\/em>Ich bitte Sie um eine Weiterleitung an alle Familien.<\/span><\/p><p><span style=\"color: #6b8e23\">viele Gr\u00fc\u00dfe Benjamin Floer\u201c<\/span><\/p><\/div><\/div><\/div><div class=\"ea-card sp-ea-single\"><h3 class=\"ea-header\"><a class=\"collapsed\" id=\"ea-header-500523\" role=\"button\" data-sptoggle=\"spcollapse\" data-sptarget=\"#collapse500523\" aria-controls=\"collapse500523\" href=\"#\" aria-expanded=\"false\" tabindex=\"0\"><i aria-hidden=\"true\" role=\"presentation\" class=\"ea-expand-icon eap-icon-ea-expand-plus\"><\/i> 17.02.2021 Aschermittwoch zu Hause &amp; doch gemeinsam<\/a><\/h3><div class=\"sp-collapse spcollapse \" id=\"collapse500523\" data-parent=\"#sp-ea-5005\" role=\"region\" aria-labelledby=\"ea-header-500523\"> <div class=\"ea-body\"><div class=\"col-xs-10 col-sm-9\"><div class=\"text ap-plain\"><p>Liebe Familien am <strong>21.02 um 11 Uhr<\/strong> laden wir herzlich zum n\u00e4chsten Online Kindergottesdienst ein.Hier der Link zum \u201eGottesdienstraum\u201c <a href=\"https:\/\/us02web.zoom.us\/j\/87037435389\">https:\/\/us02web.zoom.us\/j\/87037435389<\/a><\/p><p>Wir freuen uns auf euch.<\/p><p>Benjamin Floer, Pastoralreferent<\/p><\/div><\/div><\/div><\/div><\/div><div class=\"ea-card sp-ea-single\"><h3 class=\"ea-header\"><a class=\"collapsed\" id=\"ea-header-500524\" role=\"button\" data-sptoggle=\"spcollapse\" data-sptarget=\"#collapse500524\" aria-controls=\"collapse500524\" href=\"#\" aria-expanded=\"false\" tabindex=\"0\"><i aria-hidden=\"true\" role=\"presentation\" class=\"ea-expand-icon eap-icon-ea-expand-plus\"><\/i> 30.03.2020 Die Kar- und Ostertage gemeinsam online feiern<\/a><\/h3><div class=\"sp-collapse spcollapse \" id=\"collapse500524\" data-parent=\"#sp-ea-5005\" role=\"region\" aria-labelledby=\"ea-header-500524\"> <div class=\"ea-body\"><div class=\"inner-wrap\"><div id=\"primary\"><div id=\"content\"><article id=\"post-2284\" class=\"post-2284 page type-page status-publish hentry\"><div class=\"entry-content\"><p>Liebe Kinder, liebe Eltern,<br \/>es sind besondere Zeiten in denen wir leben \u2013also brauchen wir auch besondere Ideen f\u00fcr den<br \/>Kindergottesdienst. Und die haben wir! Wir k\u00f6nnen momentan zwar nicht mehrzusammenkommen, aber wir wollen gemeinsam an Gott denken und mit ihm feiern, ganz besonders an den Kar- und Ostertagen.<br \/>Seit einiger Zeit feiern wir in einem Online Kirchenraum unsere Abendgebete. In diesem Raum bieten wir jetzt auch Kindergottesdienste an.<\/p><p>An Palmsonntag, Gr\u00fcndonnerstag, Karfreitag und Ostersonntag, jeweils um 11Uhr, freuen wir uns auf dich und deine Familie in unseren digitalen Kindergottesdiensten.<\/p><\/div><\/article><\/div><\/div><\/div><\/div><\/div><\/div><\/div><\/div>\n","protected":false},"excerpt":{"rendered":"<p>Das &#8220;neue&#8221; Kath. Familienzentrum Wermelskirchen\/Burscheid.\u00a0 Seit dem 01.01.2020 besteht der Seelsorgebereich Wermelskirchen\/Burscheid. Auch die beiden katholischen Familienzentren sind zu einem gemeinsamen fusioniert. Mit vereinter Kraft k\u00f6nnen wir noch mehr Angebote f\u00fcr Kinder und Familien anbieten. \u00a0 \u00a0 Kath. Familienzentrum Wermelskirchen\/<\/p>\n","protected":false},"author":1,"featured_media":0,"parent":0,"menu_order":0,"comment_status":"closed","ping_status":"closed","template":"","meta":{"footnotes":""},"class_list":["post-2023","page","type-page","status-publish","hentry"],"_links":{"self":[{"href":"https:\/\/burscheid-sonnenblume.de\/index.php?rest_route=\/wp\/v2\/pages\/2023","targetHints":{"allow":["GET"]}}],"collection":[{"href":"https:\/\/burscheid-sonnenblume.de\/index.php?rest_route=\/wp\/v2\/pages"}],"about":[{"href":"https:\/\/burscheid-sonnenblume.de\/index.php?rest_route=\/wp\/v2\/types\/page"}],"author":[{"embeddable":true,"href":"https:\/\/burscheid-sonnenblume.de\/index.php?rest_route=\/wp\/v2\/users\/1"}],"replies":[{"embeddable":true,"href":"https:\/\/burscheid-sonnenblume.de\/index.php?rest_route=%2Fwp%2Fv2%2Fcomments&post=2023"}],"version-history":[{"count":44,"href":"https:\/\/burscheid-sonnenblume.de\/index.php?rest_route=\/wp\/v2\/pages\/2023\/revisions"}],"predecessor-version":[{"id":9006,"href":"https:\/\/burscheid-sonnenblume.de\/index.php?rest_route=\/wp\/v2\/pages\/2023\/revisions\/9006"}],"wp:attachment":[{"href":"https:\/\/burscheid-sonnenblume.de\/index.php?rest_route=%2Fwp%2Fv2%2Fmedia&parent=2023"}],"curies":[{"name":"wp","href":"https:\/\/api.w.org\/{rel}","templated":true}]}}