{"id":1685,"date":"2019-11-07T14:59:20","date_gmt":"2019-11-07T14:59:20","guid":{"rendered":"https:\/\/burscheid-sonnenblume.de\/?page_id=1685"},"modified":"2020-05-08T08:11:17","modified_gmt":"2020-05-08T07:11:17","slug":"archiv","status":"publish","type":"page","link":"https:\/\/burscheid-sonnenblume.de\/?page_id=1685","title":{"rendered":"Archiv"},"content":{"rendered":"<h5><span style=\"color: #6b8e23;\">Wir haben wieder ein Archiv<br \/><\/span><\/h5>\n<p><img loading=\"lazy\" decoding=\"async\" class=\" wp-image-3161 alignleft\" src=\"https:\/\/burscheid-sonnenblume.de\/wp-content\/uploads\/2020\/05\/disk-3461408_1920-300x200.png\" alt=\"\" width=\"230\" height=\"153\" srcset=\"https:\/\/burscheid-sonnenblume.de\/wp-content\/uploads\/2020\/05\/disk-3461408_1920-300x200.png 300w, https:\/\/burscheid-sonnenblume.de\/wp-content\/uploads\/2020\/05\/disk-3461408_1920-768x512.png 768w, https:\/\/burscheid-sonnenblume.de\/wp-content\/uploads\/2020\/05\/disk-3461408_1920-1024x682.png 1024w, https:\/\/burscheid-sonnenblume.de\/wp-content\/uploads\/2020\/05\/disk-3461408_1920.png 1920w\" sizes=\"auto, (max-width: 230px) 100vw, 230px\" \/>Unsere Homepage\u00a0 ging im Jahr 2004 noch unter Tr\u00e4gerschaft der katholischen Kirchengemeinde St. Laurentius online. Hunderte Berichte und Fotos von ehemalige Kindergartenkinder haben sich in dieser Zeit angesammelt. Die Datenschutz-Grundverordnung ist eine Verordnung der Europ\u00e4ischen Union, mit der die Regeln zur Verarbeitung personenbezogener Daten durch die meisten Datenverarbeiter, sowohl private wie \u00f6ffentliche, EU-weit vereinheitlicht werden.<\/p>\n<p>Um diesen Verordnungen gerecht zu werden, haben wir uns entschlossen unser &#8220;gut gef\u00fclltes&#8221; Archiv von 2004 &#8211; 06.2019 nicht wieder online zu stellen.<\/p>\n<hr \/>\n\n<form role=\"search\" method=\"get\" action=\"https:\/\/burscheid-sonnenblume.de\/\" class=\"wp-block-search__button-outside wp-block-search__text-button wp-block-search\"    ><label class=\"wp-block-search__label\" for=\"wp-block-search__input-2\" >Suche im Archiv<\/label><div class=\"wp-block-search__inside-wrapper \" ><input class=\"wp-block-search__input\" id=\"wp-block-search__input-2\" placeholder=\"Tragen Sie hier Ihre Suche ein...\" value=\"\" type=\"search\" name=\"s\" required \/><button aria-label=\"Suchen\" class=\"wp-block-search__button wp-element-button\" type=\"submit\" >Suchen<\/button><\/div><\/form>\n\n<div class=\"sya_container\" id=\"sya_container\"><p class=\"sya_yearslist\" id=\"sya_yearslist\"><a href=\"#year2026\">2026<\/a> &bull; <a href=\"#year2025\">2025<\/a> &bull; <a href=\"#year2024\">2024<\/a> &bull; <a href=\"#year2023\">2023<\/a> &bull; <a href=\"#year2022\">2022<\/a> &bull; <a href=\"#year2021\">2021<\/a> &bull; <a href=\"#year2020\">2020<\/a> &bull; <a href=\"#year2019\">2019<\/a><\/p><a id=\"year2026\"><\/a><a href=\"https:\/\/burscheid-sonnenblume.de\/?m=2026\" rel=\"section\">2026<\/a> <span class=\"sya_yearcount\"><span class=\"sya_bracket\">(<\/span>8<span class=\"sya_bracket\">)<\/span><\/span><ul><li class=\"\"><div class=\"sya_postcontent\"><span class=\"sya_date\">01. April <span class=\"sya_sep\">  -  <\/span><\/span><a href=\"https:\/\/burscheid-sonnenblume.de\/?p=9327\" class=\"sya_postlink post-9327\" rel=\"bookmark\">Lieblingsbuch-Tag in der Sonnenblume<\/a><\/div><\/li><li class=\"\"><div class=\"sya_postcontent\"><span class=\"sya_date\">01. April <span class=\"sya_sep\">  -  <\/span><\/span><a href=\"https:\/\/burscheid-sonnenblume.de\/?p=9325\" class=\"sya_postlink post-9325\" rel=\"bookmark\">Autorenlesung mit Hans-Josef Hungenberg im Wald<\/a><\/div><\/li><li class=\"\"><div class=\"sya_postcontent\"><span class=\"sya_date\">25. M\u00e4rz <span class=\"sya_sep\">  -  <\/span><\/span><a href=\"https:\/\/burscheid-sonnenblume.de\/?p=9320\" class=\"sya_postlink post-9320\" rel=\"bookmark\">Meisen kommt herbei! &#8211; Unsere Vogelhaus-Webcam 4.0<\/a><\/div><\/li><li class=\"\"><div class=\"sya_postcontent\"><span class=\"sya_date\">10. M\u00e4rz <span class=\"sya_sep\">  -  <\/span><\/span><a href=\"https:\/\/burscheid-sonnenblume.de\/?p=9306\" class=\"sya_postlink post-9306\" rel=\"bookmark\">Karneval 2026 und das Kinderparlament<\/a><\/div><\/li><li class=\"\"><div class=\"sya_postcontent\"><span class=\"sya_date\">10. M\u00e4rz <span class=\"sya_sep\">  -  <\/span><\/span><a href=\"https:\/\/burscheid-sonnenblume.de\/?p=9299\" class=\"sya_postlink post-9299\" rel=\"bookmark\">\u201eJede Kuh ist ein Rind, aber nicht jedes Rind eine Kuh\u201c<\/a><\/div><\/li><li class=\"\"><div class=\"sya_postcontent\"><span class=\"sya_date\">27. Februar <span class=\"sya_sep\">  -  <\/span><\/span><a href=\"https:\/\/burscheid-sonnenblume.de\/?p=9315\" class=\"sya_postlink post-9315\" rel=\"bookmark\">\u201eRette und teile e. V.\u201c \u2013 der neue Lebensmittel-Schrank<\/a><\/div><\/li><li class=\"\"><div class=\"sya_postcontent\"><span class=\"sya_date\">05. Februar <span class=\"sya_sep\">  -  <\/span><\/span><a href=\"https:\/\/burscheid-sonnenblume.de\/?p=9283\" class=\"sya_postlink post-9283\" rel=\"bookmark\">17. Brandschutzhelfer in der Sonnenblume<\/a><\/div><\/li><li class=\"\"><div class=\"sya_postcontent\"><span class=\"sya_date\">05. Februar <span class=\"sya_sep\">  -  <\/span><\/span><a href=\"https:\/\/burscheid-sonnenblume.de\/?p=9279\" class=\"sya_postlink post-9279\" rel=\"bookmark\">P\u00e4dagogisches Arbeitsmaterial \u201eJa- und Nein-Box\u201c<\/a><\/div><\/li><\/ul><a id=\"year2025\"><\/a><a href=\"https:\/\/burscheid-sonnenblume.de\/?m=2025\" rel=\"section\">2025<\/a> <span class=\"sya_yearcount\"><span class=\"sya_bracket\">(<\/span>26<span class=\"sya_bracket\">)<\/span><\/span><ul><li class=\"\"><div class=\"sya_postcontent\"><span class=\"sya_date\">16. Dezember <span class=\"sya_sep\">  -  <\/span><\/span><a href=\"https:\/\/burscheid-sonnenblume.de\/?p=9217\" class=\"sya_postlink post-9217\" rel=\"bookmark\">Der Nikolaus 2025<\/a><\/div><\/li><li class=\"\"><div class=\"sya_postcontent\"><span class=\"sya_date\">11. Dezember <span class=\"sya_sep\">  -  <\/span><\/span><a href=\"https:\/\/burscheid-sonnenblume.de\/?p=9211\" class=\"sya_postlink post-9211\" rel=\"bookmark\">Urkunden f\u00fcr das Kinderparlament &#8211; Kreativwettbewerb<\/a><\/div><\/li><li class=\"\"><div class=\"sya_postcontent\"><span class=\"sya_date\">10. Dezember <span class=\"sya_sep\">  -  <\/span><\/span><a href=\"https:\/\/burscheid-sonnenblume.de\/?p=9193\" class=\"sya_postlink post-9193\" rel=\"bookmark\">Boys\u2019Day 2026 in der Kita \u201eSonnenblume\u201c<\/a><\/div><\/li><li class=\"\"><div class=\"sya_postcontent\"><span class=\"sya_date\">08. November <span class=\"sya_sep\">  -  <\/span><\/span><a href=\"https:\/\/burscheid-sonnenblume.de\/?p=9203\" class=\"sya_postlink post-9203\" rel=\"bookmark\">St. Martin-Thementage in der Sonnenblume<\/a><\/div><\/li><li class=\"\"><div class=\"sya_postcontent\"><span class=\"sya_date\">01. November <span class=\"sya_sep\">  -  <\/span><\/span><a href=\"https:\/\/burscheid-sonnenblume.de\/?p=9196\" class=\"sya_postlink post-9196\" rel=\"bookmark\">Elternabend: Mein Kind, ein Vorschulkind&#8230;<\/a><\/div><\/li><li class=\"\"><div class=\"sya_postcontent\"><span class=\"sya_date\">22. Oktober <span class=\"sya_sep\">  -  <\/span><\/span><a href=\"https:\/\/burscheid-sonnenblume.de\/?p=9178\" class=\"sya_postlink post-9178\" rel=\"bookmark\">Streichen und Erh\u00f6hung unseres Buntstiftzauns &#8211; \u201eaus alt macht sch\u00f6n\u2026\u201c<\/a><\/div><\/li><li class=\"\"><div class=\"sya_postcontent\"><span class=\"sya_date\">22. Oktober <span class=\"sya_sep\">  -  <\/span><\/span><a href=\"https:\/\/burscheid-sonnenblume.de\/?p=9175\" class=\"sya_postlink post-9175\" rel=\"bookmark\">Erste-Hilfe-Kurs f\u00fcr die Mitarbeiter\/innen<\/a><\/div><\/li><li class=\"\"><div class=\"sya_postcontent\"><span class=\"sya_date\">21. Oktober <span class=\"sya_sep\">  -  <\/span><\/span><a href=\"https:\/\/burscheid-sonnenblume.de\/?p=9150\" class=\"sya_postlink post-9150\" rel=\"bookmark\">Unsere Kinderkonferenz: Die Verhaltensampel<\/a><\/div><\/li><li class=\"\"><div class=\"sya_postcontent\"><span class=\"sya_date\">21. Oktober <span class=\"sya_sep\">  -  <\/span><\/span><a href=\"https:\/\/burscheid-sonnenblume.de\/?p=9144\" class=\"sya_postlink post-9144\" rel=\"bookmark\">Wandbemalung \u201eAus alt mach sch\u00f6n\u201c<\/a><\/div><\/li><li class=\"\"><div class=\"sya_postcontent\"><span class=\"sya_date\">12. Oktober <span class=\"sya_sep\">  -  <\/span><\/span><a href=\"https:\/\/burscheid-sonnenblume.de\/?p=9167\" class=\"sya_postlink post-9167\" rel=\"bookmark\">23. Stadtlauf in Burscheid mit der Sonnenblume<\/a><\/div><\/li><li class=\"\"><div class=\"sya_postcontent\"><span class=\"sya_date\">06. Oktober <span class=\"sya_sep\">  -  <\/span><\/span><a href=\"https:\/\/burscheid-sonnenblume.de\/?p=9099\" class=\"sya_postlink post-9099\" rel=\"bookmark\">Wir haben gewonnen &#8211; Kreativwettbewerb des NaturGut Ophoven<\/a><\/div><\/li><li class=\"\"><div class=\"sya_postcontent\"><span class=\"sya_date\">01. Oktober <span class=\"sya_sep\">  -  <\/span><\/span><a href=\"https:\/\/burscheid-sonnenblume.de\/?p=9074\" class=\"sya_postlink post-9074\" rel=\"bookmark\">Mitbestimmen von Anfang an \u2013 Demokratie in der Kita erleben<\/a><\/div><\/li><li class=\"\"><div class=\"sya_postcontent\"><span class=\"sya_date\">01. Oktober <span class=\"sya_sep\">  -  <\/span><\/span><a href=\"https:\/\/burscheid-sonnenblume.de\/?p=9067\" class=\"sya_postlink post-9067\" rel=\"bookmark\">\u201eMensch Leute! Kinder feiern Freiheit, Vielfalt &#038; Rechte!\u201c<\/a><\/div><\/li><li class=\"\"><div class=\"sya_postcontent\"><span class=\"sya_date\">18. September <span class=\"sya_sep\">  -  <\/span><\/span><a href=\"https:\/\/burscheid-sonnenblume.de\/?p=9083\" class=\"sya_postlink post-9083\" rel=\"bookmark\">Neues Kita-Jahr 2024\/2025 gut gestartet<\/a><\/div><\/li><li class=\"\"><div class=\"sya_postcontent\"><span class=\"sya_date\">08. Juli <span class=\"sya_sep\">  -  <\/span><\/span><a href=\"https:\/\/burscheid-sonnenblume.de\/?p=9046\" class=\"sya_postlink post-9046\" rel=\"bookmark\">Abschlusswoche der 35 Vorschulkinder<\/a><\/div><\/li><li class=\"\"><div class=\"sya_postcontent\"><span class=\"sya_date\">07. Juli <span class=\"sya_sep\">  -  <\/span><\/span><a href=\"https:\/\/burscheid-sonnenblume.de\/?p=9032\" class=\"sya_postlink post-9032\" rel=\"bookmark\">2. Platz f\u00fcr das Video der Kita. Sonnenblume &#8211; Mensch Leute! Lebt Freiheit!<\/a><\/div><\/li><li class=\"\"><div class=\"sya_postcontent\"><span class=\"sya_date\">07. Juli <span class=\"sya_sep\">  -  <\/span><\/span><a href=\"https:\/\/burscheid-sonnenblume.de\/?p=9023\" class=\"sya_postlink post-9023\" rel=\"bookmark\">Feriengru\u00dfe 2025<\/a><\/div><\/li><li class=\"\"><div class=\"sya_postcontent\"><span class=\"sya_date\">09. Mai <span class=\"sya_sep\">  -  <\/span><\/span><a href=\"https:\/\/burscheid-sonnenblume.de\/?p=8955\" class=\"sya_postlink post-8955\" rel=\"bookmark\">Unsere Pfandspendenbox bei ALDI S\u00fcd<\/a><\/div><\/li><li class=\"\"><div class=\"sya_postcontent\"><span class=\"sya_date\">09. Mai <span class=\"sya_sep\">  -  <\/span><\/span><a href=\"https:\/\/burscheid-sonnenblume.de\/?p=8949\" class=\"sya_postlink post-8949\" rel=\"bookmark\">Z\u00e4hneputzen in der Sonnenblume<\/a><\/div><\/li><li class=\"\"><div class=\"sya_postcontent\"><span class=\"sya_date\">01. Mai <span class=\"sya_sep\">  -  <\/span><\/span><a href=\"https:\/\/burscheid-sonnenblume.de\/?p=8984\" class=\"sya_postlink post-8984\" rel=\"bookmark\">Osterfr\u00fchst\u00fcck in der Sonnenblume&#8230;<\/a><\/div><\/li><li class=\"\"><div class=\"sya_postcontent\"><span class=\"sya_date\">29. April <span class=\"sya_sep\">  -  <\/span><\/span><a href=\"https:\/\/burscheid-sonnenblume.de\/?p=8972\" class=\"sya_postlink post-8972\" rel=\"bookmark\">Das Piratenschiff hat wieder Wasser unter dem Kiel<\/a><\/div><\/li><li class=\"\"><div class=\"sya_postcontent\"><span class=\"sya_date\">09. April <span class=\"sya_sep\">  -  <\/span><\/span><a href=\"https:\/\/burscheid-sonnenblume.de\/?p=8938\" class=\"sya_postlink post-8938\" rel=\"bookmark\">Ostergru\u00df 2025 &#8211; aus der Sonnenblume<\/a><\/div><\/li><li class=\"\"><div class=\"sya_postcontent\"><span class=\"sya_date\">01. April <span class=\"sya_sep\">  -  <\/span><\/span><a href=\"https:\/\/burscheid-sonnenblume.de\/?p=8923\" class=\"sya_postlink post-8923\" rel=\"bookmark\">Die Sonnenblume war dabei&#8230; \u2013 Die Ausbildungsmesse in Wermelskirchen 2025<\/a><\/div><\/li><li class=\"\"><div class=\"sya_postcontent\"><span class=\"sya_date\">28. M\u00e4rz <span class=\"sya_sep\">  -  <\/span><\/span><a href=\"https:\/\/burscheid-sonnenblume.de\/?p=8917\" class=\"sya_postlink post-8917\" rel=\"bookmark\">Die Meisen sind wieder da!<\/a><\/div><\/li><li class=\"\"><div class=\"sya_postcontent\"><span class=\"sya_date\">27. M\u00e4rz <span class=\"sya_sep\">  -  <\/span><\/span><a href=\"https:\/\/burscheid-sonnenblume.de\/?p=8907\" class=\"sya_postlink post-8907\" rel=\"bookmark\">Burscheid liest &#8211; M\u00e4rchenstunde in der Kita Sonnenblume<\/a><\/div><\/li><li class=\"\"><div class=\"sya_postcontent\"><span class=\"sya_date\">28. Februar <span class=\"sya_sep\">  -  <\/span><\/span><a href=\"https:\/\/burscheid-sonnenblume.de\/?p=8904\" class=\"sya_postlink post-8904\" rel=\"bookmark\">Karneval in der Kita Sonnenblume 2025<\/a><\/div><\/li><\/ul><a id=\"year2024\"><\/a><a href=\"https:\/\/burscheid-sonnenblume.de\/?m=2024\" rel=\"section\">2024<\/a> <span class=\"sya_yearcount\"><span class=\"sya_bracket\">(<\/span>29<span class=\"sya_bracket\">)<\/span><\/span><ul><li class=\"\"><div class=\"sya_postcontent\"><span class=\"sya_date\">06. Dezember <span class=\"sya_sep\">  -  <\/span><\/span><a href=\"https:\/\/burscheid-sonnenblume.de\/?p=8874\" class=\"sya_postlink post-8874\" rel=\"bookmark\">Weihnachtsgru\u00df\/ Advent in der Sonnenblume 2024<\/a><\/div><\/li><li class=\"\"><div class=\"sya_postcontent\"><span class=\"sya_date\">21. November <span class=\"sya_sep\">  -  <\/span><\/span><a href=\"https:\/\/burscheid-sonnenblume.de\/?p=8861\" class=\"sya_postlink post-8861\" rel=\"bookmark\">\u201eWir protestieren mit\u201c<\/a><\/div><\/li><li class=\"\"><div class=\"sya_postcontent\"><span class=\"sya_date\">21. November <span class=\"sya_sep\">  -  <\/span><\/span><a href=\"https:\/\/burscheid-sonnenblume.de\/?p=8855\" class=\"sya_postlink post-8855\" rel=\"bookmark\">St. Martin in der Sonnenblume<\/a><\/div><\/li><li class=\"\"><div class=\"sya_postcontent\"><span class=\"sya_date\">20. November <span class=\"sya_sep\">  -  <\/span><\/span><a href=\"https:\/\/burscheid-sonnenblume.de\/?p=8833\" class=\"sya_postlink post-8833\" rel=\"bookmark\">Das Friedenstheater &#8211; Fug &#038; Janina besuchen die Sonnenblume<\/a><\/div><\/li><li class=\"\"><div class=\"sya_postcontent\"><span class=\"sya_date\">29. Oktober <span class=\"sya_sep\">  -  <\/span><\/span><a href=\"https:\/\/burscheid-sonnenblume.de\/?p=8825\" class=\"sya_postlink post-8825\" rel=\"bookmark\">70 Zierk\u00fcrbisse vom Obsthof Oderwald f\u00fcr die Sonnenblume<\/a><\/div><\/li><li class=\"\"><div class=\"sya_postcontent\"><span class=\"sya_date\">10. Oktober <span class=\"sya_sep\">  -  <\/span><\/span><a href=\"https:\/\/burscheid-sonnenblume.de\/?p=8794\" class=\"sya_postlink post-8794\" rel=\"bookmark\">Unsere Laternenwerkstatt 2024<\/a><\/div><\/li><li class=\"\"><div class=\"sya_postcontent\"><span class=\"sya_date\">27. September <span class=\"sya_sep\">  -  <\/span><\/span><a href=\"https:\/\/burscheid-sonnenblume.de\/?p=8815\" class=\"sya_postlink post-8815\" rel=\"bookmark\">Neues Kita-Jahr 2024\/2025 gut gestartet<\/a><\/div><\/li><li class=\"\"><div class=\"sya_postcontent\"><span class=\"sya_date\">12. September <span class=\"sya_sep\">  -  <\/span><\/span><a href=\"https:\/\/burscheid-sonnenblume.de\/?p=8796\" class=\"sya_postlink post-8796\" rel=\"bookmark\">Kinder-Segnungs-Gottesdienst unserer Neuaufnahmen<\/a><\/div><\/li><li class=\"\"><div class=\"sya_postcontent\"><span class=\"sya_date\">05. September <span class=\"sya_sep\">  -  <\/span><\/span><a href=\"https:\/\/burscheid-sonnenblume.de\/?p=8755\" class=\"sya_postlink post-8755\" rel=\"bookmark\">Elefant MOKI und Autor Anatol Schulz zu Besuch in der Sonnenblume<\/a><\/div><\/li><li class=\"\"><div class=\"sya_postcontent\"><span class=\"sya_date\">22. August <span class=\"sya_sep\">  -  <\/span><\/span><a href=\"https:\/\/burscheid-sonnenblume.de\/?p=8810\" class=\"sya_postlink post-8810\" rel=\"bookmark\">Spa\u00dfige Aktionen auf dem Au\u00dfengel\u00e4nde mit unserer Heidi<\/a><\/div><\/li><li class=\"\"><div class=\"sya_postcontent\"><span class=\"sya_date\">05. Juli <span class=\"sya_sep\">  -  <\/span><\/span><a href=\"https:\/\/burscheid-sonnenblume.de\/?p=8718\" class=\"sya_postlink post-8718\" rel=\"bookmark\">Wir verabschieden uns in die Sommerferien<\/a><\/div><\/li><li class=\"\"><div class=\"sya_postcontent\"><span class=\"sya_date\">03. Juli <span class=\"sya_sep\">  -  <\/span><\/span><a href=\"https:\/\/burscheid-sonnenblume.de\/?p=8706\" class=\"sya_postlink post-8706\" rel=\"bookmark\">Die Sonnenblume im Radio &#8211; \u201eDie sch\u00f6nsten Anrufbeantworter-Ansagen\u201c<\/a><\/div><\/li><li class=\"\"><div class=\"sya_postcontent\"><span class=\"sya_date\">01. Juli <span class=\"sya_sep\">  -  <\/span><\/span><a href=\"https:\/\/burscheid-sonnenblume.de\/?p=8702\" class=\"sya_postlink post-8702\" rel=\"bookmark\">Podcast zum offenen B\u00fccherschrank der Sonnenblume<\/a><\/div><\/li><li class=\"\"><div class=\"sya_postcontent\"><span class=\"sya_date\">01. Juli <span class=\"sya_sep\">  -  <\/span><\/span><a href=\"https:\/\/burscheid-sonnenblume.de\/?p=8697\" class=\"sya_postlink post-8697\" rel=\"bookmark\">Das Bobby Car-Kino 2024<\/a><\/div><\/li><li class=\"\"><div class=\"sya_postcontent\"><span class=\"sya_date\">01. Juli <span class=\"sya_sep\">  -  <\/span><\/span><a href=\"https:\/\/burscheid-sonnenblume.de\/?p=8692\" class=\"sya_postlink post-8692\" rel=\"bookmark\">Die Feuerschutz\u00fcbung 2024<\/a><\/div><\/li><li class=\"\"><div class=\"sya_postcontent\"><span class=\"sya_date\">01. Juli <span class=\"sya_sep\">  -  <\/span><\/span><a href=\"https:\/\/burscheid-sonnenblume.de\/?p=8682\" class=\"sya_postlink post-8682\" rel=\"bookmark\">Die Abschiede der Vorschulkinder 2024<\/a><\/div><\/li><li class=\"\"><div class=\"sya_postcontent\"><span class=\"sya_date\">12. Juni <span class=\"sya_sep\">  -  <\/span><\/span><a href=\"https:\/\/burscheid-sonnenblume.de\/?p=8675\" class=\"sya_postlink post-8675\" rel=\"bookmark\">Aktion Wilde Blumen \u2013 wilde Bienen &#8211; in der Sonnenblume<\/a><\/div><\/li><li class=\"\"><div class=\"sya_postcontent\"><span class=\"sya_date\">12. Juni <span class=\"sya_sep\">  -  <\/span><\/span><a href=\"https:\/\/burscheid-sonnenblume.de\/?p=8667\" class=\"sya_postlink post-8667\" rel=\"bookmark\">\u201eKita f\u00fcr den Stadtlauf\u2026\u201c<\/a><\/div><\/li><li class=\"\"><div class=\"sya_postcontent\"><span class=\"sya_date\">23. Mai <span class=\"sya_sep\">  -  <\/span><\/span><a href=\"https:\/\/burscheid-sonnenblume.de\/?p=8617\" class=\"sya_postlink post-8617\" rel=\"bookmark\">Video SOS-Aktion \u201eWir sitzen alle in einem Boot\u201c<\/a><\/div><\/li><li class=\"\"><div class=\"sya_postcontent\"><span class=\"sya_date\">21. Mai <span class=\"sya_sep\">  -  <\/span><\/span><a href=\"https:\/\/burscheid-sonnenblume.de\/?p=8614\" class=\"sya_postlink post-8614\" rel=\"bookmark\">Besuch der Vorschulkinder bei der Polizei in Burscheid-Hilgen<\/a><\/div><\/li><li class=\"\"><div class=\"sya_postcontent\"><span class=\"sya_date\">14. Mai <span class=\"sya_sep\">  -  <\/span><\/span><a href=\"https:\/\/burscheid-sonnenblume.de\/?p=8599\" class=\"sya_postlink post-8599\" rel=\"bookmark\">Besuch der Vorschulkinder bei der freiwilligen Feuerwehr Burscheid-Hilgen<\/a><\/div><\/li><li class=\"\"><div class=\"sya_postcontent\"><span class=\"sya_date\">08. Mai <span class=\"sya_sep\">  -  <\/span><\/span><a href=\"https:\/\/burscheid-sonnenblume.de\/?p=8578\" class=\"sya_postlink post-8578\" rel=\"bookmark\">\u201eKleine Talente ganz gro\u00df \u2013 Besuch der Bayer 04 L\u00f6wenschule\u201c<\/a><\/div><\/li><li class=\"\"><div class=\"sya_postcontent\"><span class=\"sya_date\">26. April <span class=\"sya_sep\">  -  <\/span><\/span><a href=\"https:\/\/burscheid-sonnenblume.de\/?p=8559\" class=\"sya_postlink post-8559\" rel=\"bookmark\">Unser Beitrag zum Mal- und Bastelwettbewerb der Umweltwoche 2024<\/a><\/div><\/li><li class=\"\"><div class=\"sya_postcontent\"><span class=\"sya_date\">22. April <span class=\"sya_sep\">  -  <\/span><\/span><a href=\"https:\/\/burscheid-sonnenblume.de\/?p=8657\" class=\"sya_postlink post-8657\" rel=\"bookmark\">Offener B\u00fccherschrank der Kita. Sonnenblume<\/a><\/div><\/li><li class=\"\"><div class=\"sya_postcontent\"><span class=\"sya_date\">11. April <span class=\"sya_sep\">  -  <\/span><\/span><a href=\"https:\/\/burscheid-sonnenblume.de\/?p=8515\" class=\"sya_postlink post-8515\" rel=\"bookmark\">Osterk\u00f6rbe f\u00fcr die Sonnenblumen-Kinder und ein Oster-Freude-Fr\u00fchst\u00fcck<\/a><\/div><\/li><li class=\"\"><div class=\"sya_postcontent\"><span class=\"sya_date\">11. April <span class=\"sya_sep\">  -  <\/span><\/span><a href=\"https:\/\/burscheid-sonnenblume.de\/?p=8507\" class=\"sya_postlink post-8507\" rel=\"bookmark\">Video \u201eDankesch\u00f6n\u201c an die LEADER Bergisches Wasserland &#8211; Aktionskisten<\/a><\/div><\/li><li class=\"\"><div class=\"sya_postcontent\"><span class=\"sya_date\">25. M\u00e4rz <span class=\"sya_sep\">  -  <\/span><\/span><a href=\"https:\/\/burscheid-sonnenblume.de\/?p=8181\" class=\"sya_postlink post-8181\" rel=\"bookmark\">2024 &#8211; Das tierische \u201eairbnb\u201c und die birdwatch-webcam der Sonnenblume<\/a><\/div><\/li><li class=\"\"><div class=\"sya_postcontent\"><span class=\"sya_date\">21. Februar <span class=\"sya_sep\">  -  <\/span><\/span><a href=\"https:\/\/burscheid-sonnenblume.de\/?p=8156\" class=\"sya_postlink post-8156\" rel=\"bookmark\">Das gruppen\u00fcbergreifende \u201eProjekt Keks\u201c<\/a><\/div><\/li><li class=\"\"><div class=\"sya_postcontent\"><span class=\"sya_date\">21. Februar <span class=\"sya_sep\">  -  <\/span><\/span><a href=\"https:\/\/burscheid-sonnenblume.de\/?p=8154\" class=\"sya_postlink post-8154\" rel=\"bookmark\">Jecke Tage in der Sonnenblume &#8211; Karneval 2024<\/a><\/div><\/li><\/ul><a id=\"year2023\"><\/a><a href=\"https:\/\/burscheid-sonnenblume.de\/?m=2023\" rel=\"section\">2023<\/a> <span class=\"sya_yearcount\"><span class=\"sya_bracket\">(<\/span>31<span class=\"sya_bracket\">)<\/span><\/span><ul><li class=\"\"><div class=\"sya_postcontent\"><span class=\"sya_date\">08. Dezember <span class=\"sya_sep\">  -  <\/span><\/span><a href=\"https:\/\/burscheid-sonnenblume.de\/?p=8093\" class=\"sya_postlink post-8093\" rel=\"bookmark\">Nikolaus 2023 in der Sonnenblume<\/a><\/div><\/li><li class=\"\"><div class=\"sya_postcontent\"><span class=\"sya_date\">04. Dezember <span class=\"sya_sep\">  -  <\/span><\/span><a href=\"https:\/\/burscheid-sonnenblume.de\/?p=8057\" class=\"sya_postlink post-8057\" rel=\"bookmark\">Die Nikolaus-S\u00e4ckchen der Kita Sonnenblume<\/a><\/div><\/li><li class=\"\"><div class=\"sya_postcontent\"><span class=\"sya_date\">28. November <span class=\"sya_sep\">  -  <\/span><\/span><a href=\"https:\/\/burscheid-sonnenblume.de\/?p=8044\" class=\"sya_postlink post-8044\" rel=\"bookmark\">Unser ausgebildeter Besuchshund &#8220;Keks&#8221;<\/a><\/div><\/li><li class=\"\"><div class=\"sya_postcontent\"><span class=\"sya_date\">28. November <span class=\"sya_sep\">  -  <\/span><\/span><a href=\"https:\/\/burscheid-sonnenblume.de\/?p=8038\" class=\"sya_postlink post-8038\" rel=\"bookmark\">Die Sonnenblume war dabei &#8211; Bildungsnetzwerk des RBK<\/a><\/div><\/li><li class=\"\"><div class=\"sya_postcontent\"><span class=\"sya_date\">27. November <span class=\"sya_sep\">  -  <\/span><\/span><a href=\"https:\/\/burscheid-sonnenblume.de\/?p=8020\" class=\"sya_postlink post-8020\" rel=\"bookmark\">\u201eSpieglein, Spieglein an der Wand\u2026\u201c<\/a><\/div><\/li><li class=\"\"><div class=\"sya_postcontent\"><span class=\"sya_date\">13. November <span class=\"sya_sep\">  -  <\/span><\/span><a href=\"https:\/\/burscheid-sonnenblume.de\/?p=8002\" class=\"sya_postlink post-8002\" rel=\"bookmark\">St. Martin 2023 in der Sonnenblume + Film&#8230;<\/a><\/div><\/li><li class=\"\"><div class=\"sya_postcontent\"><span class=\"sya_date\">09. November <span class=\"sya_sep\">  -  <\/span><\/span><a href=\"https:\/\/burscheid-sonnenblume.de\/?p=7959\" class=\"sya_postlink post-7959\" rel=\"bookmark\">1. Platz f\u00fcr die Sonnenblume<\/a><\/div><\/li><li class=\"\"><div class=\"sya_postcontent\"><span class=\"sya_date\">06. November <span class=\"sya_sep\">  -  <\/span><\/span><a href=\"https:\/\/burscheid-sonnenblume.de\/?p=7957\" class=\"sya_postlink post-7957\" rel=\"bookmark\">St. Martin 2023<\/a><\/div><\/li><li class=\"\"><div class=\"sya_postcontent\"><span class=\"sya_date\">25. Oktober <span class=\"sya_sep\">  -  <\/span><\/span><a href=\"https:\/\/burscheid-sonnenblume.de\/?p=7948\" class=\"sya_postlink post-7948\" rel=\"bookmark\">Film \u2013 1. Platz beim Kreativwettbewerb \u201cEine Welt ohne Autos?\u201d<\/a><\/div><\/li><li class=\"\"><div class=\"sya_postcontent\"><span class=\"sya_date\">28. September <span class=\"sya_sep\">  -  <\/span><\/span><a href=\"https:\/\/burscheid-sonnenblume.de\/?p=7898\" class=\"sya_postlink post-7898\" rel=\"bookmark\">Die Laternenwerkstatt 2023 hat begonnen&#8230;<\/a><\/div><\/li><li class=\"\"><div class=\"sya_postcontent\"><span class=\"sya_date\">28. September <span class=\"sya_sep\">  -  <\/span><\/span><a href=\"https:\/\/burscheid-sonnenblume.de\/?p=7883\" class=\"sya_postlink post-7883\" rel=\"bookmark\">Gartenaktion in der Sonnenblume<\/a><\/div><\/li><li class=\"\"><div class=\"sya_postcontent\"><span class=\"sya_date\">25. September <span class=\"sya_sep\">  -  <\/span><\/span><a href=\"https:\/\/burscheid-sonnenblume.de\/?p=7840\" class=\"sya_postlink post-7840\" rel=\"bookmark\">Unsere neue Kita\/ Eltern APP &#8211; KIKom-Kita-App<\/a><\/div><\/li><li class=\"\"><div class=\"sya_postcontent\"><span class=\"sya_date\">25. September <span class=\"sya_sep\">  -  <\/span><\/span><a href=\"https:\/\/burscheid-sonnenblume.de\/?p=7831\" class=\"sya_postlink post-7831\" rel=\"bookmark\">Burscheider Stadtlauf 2023 &#8211; Die Sonnenblume war dabei&#8230;<\/a><\/div><\/li><li class=\"\"><div class=\"sya_postcontent\"><span class=\"sya_date\">20. Juni <span class=\"sya_sep\">  -  <\/span><\/span><a href=\"https:\/\/burscheid-sonnenblume.de\/?p=7769\" class=\"sya_postlink post-7769\" rel=\"bookmark\">Aktion Stadtradeln 2023 &#8211; mit der Sonnenblume<\/a><\/div><\/li><li class=\"\"><div class=\"sya_postcontent\"><span class=\"sya_date\">20. Juni <span class=\"sya_sep\">  -  <\/span><\/span><a href=\"https:\/\/burscheid-sonnenblume.de\/?p=7764\" class=\"sya_postlink post-7764\" rel=\"bookmark\">Das Eis-Bike l\u00e4utet zum Eis-B\u00fcffet<\/a><\/div><\/li><li class=\"\"><div class=\"sya_postcontent\"><span class=\"sya_date\">20. Juni <span class=\"sya_sep\">  -  <\/span><\/span><a href=\"https:\/\/burscheid-sonnenblume.de\/?p=7757\" class=\"sya_postlink post-7757\" rel=\"bookmark\">Das Bobby Car-Kino 2023<\/a><\/div><\/li><li class=\"\"><div class=\"sya_postcontent\"><span class=\"sya_date\">13. Juni <span class=\"sya_sep\">  -  <\/span><\/span><a href=\"https:\/\/burscheid-sonnenblume.de\/?p=7744\" class=\"sya_postlink post-7744\" rel=\"bookmark\">Die 5 Leih-H\u00fchner der Kita-Sonnenblume<\/a><\/div><\/li><li class=\"\"><div class=\"sya_postcontent\"><span class=\"sya_date\">13. Juni <span class=\"sya_sep\">  -  <\/span><\/span><a href=\"https:\/\/burscheid-sonnenblume.de\/?p=7746\" class=\"sya_postlink post-7746\" rel=\"bookmark\">H\u00e4rtefallfonds \u201eAlle Kinder essen mit\u201cF\u00f6rdergrunds\u00e4tze<\/a><\/div><\/li><li class=\"\"><div class=\"sya_postcontent\"><span class=\"sya_date\">13. Juni <span class=\"sya_sep\">  -  <\/span><\/span><a href=\"https:\/\/burscheid-sonnenblume.de\/?p=7861\" class=\"sya_postlink post-7861\" rel=\"bookmark\">Evakuierungs\u00fcbung im Brandfall<\/a><\/div><\/li><li class=\"\"><div class=\"sya_postcontent\"><span class=\"sya_date\">12. Juni <span class=\"sya_sep\">  -  <\/span><\/span><a href=\"https:\/\/burscheid-sonnenblume.de\/?p=7775\" class=\"sya_postlink post-7775\" rel=\"bookmark\">Schulboxen der Firma Adient 2023 \u2013 Wir sagen DANKE!<\/a><\/div><\/li><li class=\"\"><div class=\"sya_postcontent\"><span class=\"sya_date\">09. Juni <span class=\"sya_sep\">  -  <\/span><\/span><a href=\"https:\/\/burscheid-sonnenblume.de\/?p=7816\" class=\"sya_postlink post-7816\" rel=\"bookmark\">Abschlusstag der Vorschulkinder &#8211; Juni 2023<\/a><\/div><\/li><li class=\"\"><div class=\"sya_postcontent\"><span class=\"sya_date\">26. Mai <span class=\"sya_sep\">  -  <\/span><\/span><a href=\"https:\/\/burscheid-sonnenblume.de\/?p=7740\" class=\"sya_postlink post-7740\" rel=\"bookmark\">Natur- und Waldf\u00fchrung f\u00fcr Familien der Kita-Sonnenblume<\/a><\/div><\/li><li class=\"\"><div class=\"sya_postcontent\"><span class=\"sya_date\">24. Mai <span class=\"sya_sep\">  -  <\/span><\/span><a href=\"https:\/\/burscheid-sonnenblume.de\/?p=7719\" class=\"sya_postlink post-7719\" rel=\"bookmark\">Video &#8211; Das Ton- und Videostudio der Sonnenblume<\/a><\/div><\/li><li class=\"\"><div class=\"sya_postcontent\"><span class=\"sya_date\">28. April <span class=\"sya_sep\">  -  <\/span><\/span><a href=\"https:\/\/burscheid-sonnenblume.de\/?p=7702\" class=\"sya_postlink post-7702\" rel=\"bookmark\">Boys\u2019Day in der Kita \u201eSonnenblume\u201c<\/a><\/div><\/li><li class=\"\"><div class=\"sya_postcontent\"><span class=\"sya_date\">27. April <span class=\"sya_sep\">  -  <\/span><\/span><a href=\"https:\/\/burscheid-sonnenblume.de\/?p=7699\" class=\"sya_postlink post-7699\" rel=\"bookmark\">Vorschul-Projekt in der Sonnenblume zum Thema M\u00fcll<\/a><\/div><\/li><li class=\"\"><div class=\"sya_postcontent\"><span class=\"sya_date\">17. April <span class=\"sya_sep\">  -  <\/span><\/span><a href=\"https:\/\/burscheid-sonnenblume.de\/?p=7705\" class=\"sya_postlink post-7705\" rel=\"bookmark\">Erste Hilfe Kurs am Kind<\/a><\/div><\/li><li class=\"\"><div class=\"sya_postcontent\"><span class=\"sya_date\">21. Februar <span class=\"sya_sep\">  -  <\/span><\/span><a href=\"https:\/\/burscheid-sonnenblume.de\/?p=7576\" class=\"sya_postlink post-7576\" rel=\"bookmark\">\u201e7 K\u00fcken werden fl\u00fcgge &#8211; LIVE Stream aus dem Vogelhaus<\/a><\/div><\/li><li class=\"\"><div class=\"sya_postcontent\"><span class=\"sya_date\">25. Januar <span class=\"sya_sep\">  -  <\/span><\/span><a href=\"https:\/\/burscheid-sonnenblume.de\/?p=7560\" class=\"sya_postlink post-7560\" rel=\"bookmark\">Update vom Mittwoch &#8211; 25.02.2022 (Coronaschutzverordnung wird auf ein Minimum reduziert,)<\/a><\/div><\/li><li class=\"\"><div class=\"sya_postcontent\"><span class=\"sya_date\">20. Januar <span class=\"sya_sep\">  -  <\/span><\/span><a href=\"https:\/\/burscheid-sonnenblume.de\/?p=7540\" class=\"sya_postlink post-7540\" rel=\"bookmark\">Besuch in der \u201eSonnenblume\u201c von angehenden Erzieher*innen der ELEx-Schule in K\u00f6ln<\/a><\/div><\/li><li class=\"\"><div class=\"sya_postcontent\"><span class=\"sya_date\">20. Januar <span class=\"sya_sep\">  -  <\/span><\/span><a href=\"https:\/\/burscheid-sonnenblume.de\/?p=7526\" class=\"sya_postlink post-7526\" rel=\"bookmark\">Jetzt anmelden &#8211; Schnuppertag in der Sonnenblume<\/a><\/div><\/li><li class=\"\"><div class=\"sya_postcontent\"><span class=\"sya_date\">02. Januar <span class=\"sya_sep\">  -  <\/span><\/span><a href=\"https:\/\/burscheid-sonnenblume.de\/?p=7469\" class=\"sya_postlink post-7469\" rel=\"bookmark\">Wenn Kosten stiegen&#8230; m\u00fcssen neue L\u00f6sungen her.<\/a><\/div><\/li><\/ul><a id=\"year2022\"><\/a><a href=\"https:\/\/burscheid-sonnenblume.de\/?m=2022\" rel=\"section\">2022<\/a> <span class=\"sya_yearcount\"><span class=\"sya_bracket\">(<\/span>47<span class=\"sya_bracket\">)<\/span><\/span><ul><li class=\"\"><div class=\"sya_postcontent\"><span class=\"sya_date\">21. Dezember <span class=\"sya_sep\">  -  <\/span><\/span><a href=\"https:\/\/burscheid-sonnenblume.de\/?p=7380\" class=\"sya_postlink post-7380\" rel=\"bookmark\">\u201eGl\u00fcckslose f\u00fcr die Sonnenblumen-Kinder\u201c &#8211; DANKE Ute Hentschel<\/a><\/div><\/li><li class=\"\"><div class=\"sya_postcontent\"><span class=\"sya_date\">13. Dezember <span class=\"sya_sep\">  -  <\/span><\/span><a href=\"https:\/\/burscheid-sonnenblume.de\/?p=7342\" class=\"sya_postlink post-7342\" rel=\"bookmark\">Die Sonnenblume ist dabei &#8211; Weihnachtsaktion der Tafel<\/a><\/div><\/li><li class=\"\"><div class=\"sya_postcontent\"><span class=\"sya_date\">12. Dezember <span class=\"sya_sep\">  -  <\/span><\/span><a href=\"https:\/\/burscheid-sonnenblume.de\/?p=7240\" class=\"sya_postlink post-7240\" rel=\"bookmark\">Weihnachten 2022&#8230; und seine \u00c4usserlichkeiten und Innerlichkeiten<\/a><\/div><\/li><li class=\"\"><div class=\"sya_postcontent\"><span class=\"sya_date\">01. Dezember <span class=\"sya_sep\">  -  <\/span><\/span><a href=\"https:\/\/burscheid-sonnenblume.de\/?p=7397\" class=\"sya_postlink post-7397\" rel=\"bookmark\">Garten und Aufr\u00e4umtag in der Kita Sonnenblume<\/a><\/div><\/li><li class=\"\"><div class=\"sya_postcontent\"><span class=\"sya_date\">30. November <span class=\"sya_sep\">  -  <\/span><\/span><a href=\"https:\/\/burscheid-sonnenblume.de\/?p=7271\" class=\"sya_postlink post-7271\" rel=\"bookmark\">Firma Jenniges &#8211; Mehr als 30 Jahre als stiller Helfer des Nikolauses unterwegs<\/a><\/div><\/li><li class=\"\"><div class=\"sya_postcontent\"><span class=\"sya_date\">30. November <span class=\"sya_sep\">  -  <\/span><\/span><a href=\"https:\/\/burscheid-sonnenblume.de\/?p=7242\" class=\"sya_postlink post-7242\" rel=\"bookmark\">Das Schutzkonzept (Pr\u00e4vention und Kinderschutz) der Sonnenblume<\/a><\/div><\/li><li class=\"\"><div class=\"sya_postcontent\"><span class=\"sya_date\">24. November <span class=\"sya_sep\">  -  <\/span><\/span><a href=\"https:\/\/burscheid-sonnenblume.de\/?p=7389\" class=\"sya_postlink post-7389\" rel=\"bookmark\">Naturnahe P\u00e4dagogik in der Sonnenblume<\/a><\/div><\/li><li class=\"\"><div class=\"sya_postcontent\"><span class=\"sya_date\">21. November <span class=\"sya_sep\">  -  <\/span><\/span><a href=\"https:\/\/burscheid-sonnenblume.de\/?p=7227\" class=\"sya_postlink post-7227\" rel=\"bookmark\">Die Sonnenblume war dabei &#8211; Lebendiger Adventskalender 2022<\/a><\/div><\/li><li class=\"\"><div class=\"sya_postcontent\"><span class=\"sya_date\">16. November <span class=\"sya_sep\">  -  <\/span><\/span><a href=\"https:\/\/burscheid-sonnenblume.de\/?p=7187\" class=\"sya_postlink post-7187\" rel=\"bookmark\">Der B\u00fcchertag in der Sonnenblume &#8211; B\u00fccher statt Spielzeugtag<\/a><\/div><\/li><li class=\"\"><div class=\"sya_postcontent\"><span class=\"sya_date\">15. November <span class=\"sya_sep\">  -  <\/span><\/span><a href=\"https:\/\/burscheid-sonnenblume.de\/?p=7145\" class=\"sya_postlink post-7145\" rel=\"bookmark\">&#8220;Rudi &#038; Trudi&#8221; die Lastenr\u00e4der der Sonnenblume ausleihen<\/a><\/div><\/li><li class=\"\"><div class=\"sya_postcontent\"><span class=\"sya_date\">14. November <span class=\"sya_sep\">  -  <\/span><\/span><a href=\"https:\/\/burscheid-sonnenblume.de\/?p=7295\" class=\"sya_postlink post-7295\" rel=\"bookmark\">Rote, Gelbe, Gr\u00fcne, Blaue&#8230; das St. Martins-Fest in der Sonnenblume<\/a><\/div><\/li><li class=\"\"><div class=\"sya_postcontent\"><span class=\"sya_date\">02. November <span class=\"sya_sep\">  -  <\/span><\/span><a href=\"https:\/\/burscheid-sonnenblume.de\/?p=7101\" class=\"sya_postlink post-7101\" rel=\"bookmark\">Einladung: Kath. Familienzentrum: Pl\u00e4tzchen backen<\/a><\/div><\/li><li class=\"\"><div class=\"sya_postcontent\"><span class=\"sya_date\">30. September <span class=\"sya_sep\">  -  <\/span><\/span><a href=\"https:\/\/burscheid-sonnenblume.de\/?p=7017\" class=\"sya_postlink post-7017\" rel=\"bookmark\">Die \u00dcberraschungen zum Kartoffelfest\/ Erntedank in der Sonnenblume<\/a><\/div><\/li><li class=\"\"><div class=\"sya_postcontent\"><span class=\"sya_date\">28. September <span class=\"sya_sep\">  -  <\/span><\/span><a href=\"https:\/\/burscheid-sonnenblume.de\/?p=7053\" class=\"sya_postlink post-7053\" rel=\"bookmark\">Video \u201eDankesch\u00f6n\u201c an die LEADER Bergisches Wasserland<\/a><\/div><\/li><li class=\"\"><div class=\"sya_postcontent\"><span class=\"sya_date\">19. August <span class=\"sya_sep\">  -  <\/span><\/span><a href=\"https:\/\/burscheid-sonnenblume.de\/?p=6966\" class=\"sya_postlink post-6966\" rel=\"bookmark\">Offener Kleiderschrank in der Sonnenblume<\/a><\/div><\/li><li class=\"\"><div class=\"sya_postcontent\"><span class=\"sya_date\">19. August <span class=\"sya_sep\">  -  <\/span><\/span><a href=\"https:\/\/burscheid-sonnenblume.de\/?p=6955\" class=\"sya_postlink post-6955\" rel=\"bookmark\">\u201eArmutssensibles Handeln\u201c in der Sonnenblume<\/a><\/div><\/li><li class=\"\"><div class=\"sya_postcontent\"><span class=\"sya_date\">16. Juli <span class=\"sya_sep\">  -  <\/span><\/span><a href=\"https:\/\/burscheid-sonnenblume.de\/?p=6907\" class=\"sya_postlink post-6907\" rel=\"bookmark\">Video Trickfilm &#8211; \u201eWenn Kinder zu Regisseuren werden\u201c<\/a><\/div><\/li><li class=\"\"><div class=\"sya_postcontent\"><span class=\"sya_date\">03. Juli <span class=\"sya_sep\">  -  <\/span><\/span><a href=\"https:\/\/burscheid-sonnenblume.de\/?p=6871\" class=\"sya_postlink post-6871\" rel=\"bookmark\">Video &#8211; Der Abschlusstag der Vorschulkinder<\/a><\/div><\/li><li class=\"\"><div class=\"sya_postcontent\"><span class=\"sya_date\">25. Juni <span class=\"sya_sep\">  -  <\/span><\/span><a href=\"https:\/\/burscheid-sonnenblume.de\/?p=6873\" class=\"sya_postlink post-6873\" rel=\"bookmark\">\u201eGeschenkte Zeit \u2013 Geschenkte B\u00fccher\u201c &#8211; Dank an Micky Schwarz und Ute Hentschel<\/a><\/div><\/li><li class=\"\"><div class=\"sya_postcontent\"><span class=\"sya_date\">21. Juni <span class=\"sya_sep\">  -  <\/span><\/span><a href=\"https:\/\/burscheid-sonnenblume.de\/?p=6853\" class=\"sya_postlink post-6853\" rel=\"bookmark\">\u201eRette und teile e. V.\u201c \u2013 Food-Sharing Fahrrad<\/a><\/div><\/li><li class=\"\"><div class=\"sya_postcontent\"><span class=\"sya_date\">15. Juni <span class=\"sya_sep\">  -  <\/span><\/span><a href=\"https:\/\/burscheid-sonnenblume.de\/?p=6859\" class=\"sya_postlink post-6859\" rel=\"bookmark\">Bobby Car-Kino 2022<\/a><\/div><\/li><li class=\"\"><div class=\"sya_postcontent\"><span class=\"sya_date\">02. Juni <span class=\"sya_sep\">  -  <\/span><\/span><a href=\"https:\/\/burscheid-sonnenblume.de\/?p=6828\" class=\"sya_postlink post-6828\" rel=\"bookmark\">\u201eBitte bedienen Sie sich!\u201c &#8211; Naschgarten<\/a><\/div><\/li><li class=\"\"><div class=\"sya_postcontent\"><span class=\"sya_date\">30. Mai <span class=\"sya_sep\">  -  <\/span><\/span><a href=\"https:\/\/burscheid-sonnenblume.de\/?p=6844\" class=\"sya_postlink post-6844\" rel=\"bookmark\">\u201eHurra &#8211; der Eismann war da!\u201c<\/a><\/div><\/li><li class=\"\"><div class=\"sya_postcontent\"><span class=\"sya_date\">23. Mai <span class=\"sya_sep\">  -  <\/span><\/span><a href=\"https:\/\/burscheid-sonnenblume.de\/?p=6970\" class=\"sya_postlink post-6970\" rel=\"bookmark\">Digitaler Elternabend Pr\u00e4vention in der Sonnenblume<\/a><\/div><\/li><li class=\"\"><div class=\"sya_postcontent\"><span class=\"sya_date\">18. Mai <span class=\"sya_sep\">  -  <\/span><\/span><a href=\"https:\/\/burscheid-sonnenblume.de\/?p=6820\" class=\"sya_postlink post-6820\" rel=\"bookmark\">Schule\/ Kita &#8211; der gute \u00dcbergang mit der Grundschule<\/a><\/div><\/li><li class=\"\"><div class=\"sya_postcontent\"><span class=\"sya_date\">12. April <span class=\"sya_sep\">  -  <\/span><\/span><a href=\"https:\/\/burscheid-sonnenblume.de\/?p=6804\" class=\"sya_postlink post-6804\" rel=\"bookmark\">Zeitungsartikel: Mit Kindern \u00fcber den Ukraine-Krieg sprechen<\/a><\/div><\/li><li class=\"\"><div class=\"sya_postcontent\"><span class=\"sya_date\">12. April <span class=\"sya_sep\">  -  <\/span><\/span><a href=\"https:\/\/burscheid-sonnenblume.de\/?p=6784\" class=\"sya_postlink post-6784\" rel=\"bookmark\">Teilnahme am Mutmach-Weg<\/a><\/div><\/li><li class=\"\"><div class=\"sya_postcontent\"><span class=\"sya_date\">09. April <span class=\"sya_sep\">  -  <\/span><\/span><a href=\"https:\/\/burscheid-sonnenblume.de\/?p=6781\" class=\"sya_postlink post-6781\" rel=\"bookmark\">Update vom Freitag &#8211; 08.04.2022 (Aktuelle Situation in der Kindertagesbetreuung)<\/a><\/div><\/li><li class=\"\"><div class=\"sya_postcontent\"><span class=\"sya_date\">05. April <span class=\"sya_sep\">  -  <\/span><\/span><a href=\"https:\/\/burscheid-sonnenblume.de\/?p=6773\" class=\"sya_postlink post-6773\" rel=\"bookmark\">Einladung: Kinder- und Familienkreuzweg\u00a0an Karfreitag<\/a><\/div><\/li><li class=\"\"><div class=\"sya_postcontent\"><span class=\"sya_date\">05. April <span class=\"sya_sep\">  -  <\/span><\/span><a href=\"https:\/\/burscheid-sonnenblume.de\/?p=6723\" class=\"sya_postlink post-6723\" rel=\"bookmark\">Video &#8211; Offener Treff f\u00fcr ukrainische Fl\u00fcchtlinge<\/a><\/div><\/li><li class=\"\"><div class=\"sya_postcontent\"><span class=\"sya_date\">22. M\u00e4rz <span class=\"sya_sep\">  -  <\/span><\/span><a href=\"https:\/\/burscheid-sonnenblume.de\/?p=6674\" class=\"sya_postlink post-6674\" rel=\"bookmark\">Update vom Dienstag &#8211; 22.03.2022 (Ministerschreiben aktuelle Situation)<\/a><\/div><\/li><li class=\"\"><div class=\"sya_postcontent\"><span class=\"sya_date\">17. M\u00e4rz <span class=\"sya_sep\">  -  <\/span><\/span><a href=\"https:\/\/burscheid-sonnenblume.de\/?p=6660\" class=\"sya_postlink post-6660\" rel=\"bookmark\">\u201eWir hei\u00dfen \u201eShari\u201c herzlich willkommen\u201c<\/a><\/div><\/li><li class=\"\"><div class=\"sya_postcontent\"><span class=\"sya_date\">15. M\u00e4rz <span class=\"sya_sep\">  -  <\/span><\/span><a href=\"https:\/\/burscheid-sonnenblume.de\/?p=6655\" class=\"sya_postlink post-6655\" rel=\"bookmark\">Update vom Dienstag &#8211; 15.03.2022 (Beendigung der Pool-Testung)<\/a><\/div><\/li><li class=\"\"><div class=\"sya_postcontent\"><span class=\"sya_date\">10. M\u00e4rz <span class=\"sya_sep\">  -  <\/span><\/span><a href=\"https:\/\/burscheid-sonnenblume.de\/?p=6617\" class=\"sya_postlink post-6617\" rel=\"bookmark\">Video &#8211; \u201eWenn wir wahren Frieden in der Welt erlangen wollen, m\u00fcssen wir bei den Kindern anfangen\u201c<\/a><\/div><\/li><li class=\"\"><div class=\"sya_postcontent\"><span class=\"sya_date\">07. M\u00e4rz <span class=\"sya_sep\">  -  <\/span><\/span><a href=\"https:\/\/burscheid-sonnenblume.de\/?p=6602\" class=\"sya_postlink post-6602\" rel=\"bookmark\">\u201eSingen mit Gitarrenbegleitung\u201c<\/a><\/div><\/li><li class=\"\"><div class=\"sya_postcontent\"><span class=\"sya_date\">25. Februar <span class=\"sya_sep\">  -  <\/span><\/span><a href=\"https:\/\/burscheid-sonnenblume.de\/?p=6585\" class=\"sya_postlink post-6585\" rel=\"bookmark\">Neue \u00d6ffnungszeiten zum 01.03.2022 + Hausordnung<\/a><\/div><\/li><li class=\"\"><div class=\"sya_postcontent\"><span class=\"sya_date\">22. Februar <span class=\"sya_sep\">  -  <\/span><\/span><a href=\"https:\/\/burscheid-sonnenblume.de\/?p=6581\" class=\"sya_postlink post-6581\" rel=\"bookmark\">Update vom Dienstag &#8211; 22.02.2022 (Umgang mit der Omikron-Variante in der Kindertagesbetreuung)<\/a><\/div><\/li><li class=\"\"><div class=\"sya_postcontent\"><span class=\"sya_date\">20. Februar <span class=\"sya_sep\">  -  <\/span><\/span><a href=\"https:\/\/burscheid-sonnenblume.de\/?p=6552\" class=\"sya_postlink post-6552\" rel=\"bookmark\">Clara\/Anton \u2013 Sexuelle\/Geschlechtliche Vielfalt in Kirche und Caritas<\/a><\/div><\/li><li class=\"\"><div class=\"sya_postcontent\"><span class=\"sya_date\">16. Februar <span class=\"sya_sep\">  -  <\/span><\/span><a href=\"https:\/\/burscheid-sonnenblume.de\/?p=6534\" class=\"sya_postlink post-6534\" rel=\"bookmark\">Notbetreuung am &#8220;Sturmtag&#8221; &#8211; Unwetterwarnung des Deutschen Wetterdienstes vom 16.02.2022<\/a><\/div><\/li><li class=\"\"><div class=\"sya_postcontent\"><span class=\"sya_date\">10. Februar <span class=\"sya_sep\">  -  <\/span><\/span><a href=\"https:\/\/burscheid-sonnenblume.de\/?p=6525\" class=\"sya_postlink post-6525\" rel=\"bookmark\">Die Kinderkirche startet endlich wieder!<\/a><\/div><\/li><li class=\"\"><div class=\"sya_postcontent\"><span class=\"sya_date\">10. Februar <span class=\"sya_sep\">  -  <\/span><\/span><a href=\"https:\/\/burscheid-sonnenblume.de\/?p=6519\" class=\"sya_postlink post-6519\" rel=\"bookmark\">Update vom Donnerstag &#8211; 10.02.2022 (Neue Coronabetreuungsverordnung, neue Allgemeinverf\u00fcgung &#038; FAQs zur Pooltestung)<\/a><\/div><\/li><li class=\"\"><div class=\"sya_postcontent\"><span class=\"sya_date\">01. Februar <span class=\"sya_sep\">  -  <\/span><\/span><a href=\"https:\/\/burscheid-sonnenblume.de\/?p=6495\" class=\"sya_postlink post-6495\" rel=\"bookmark\">Kinderimpfaktionswoche vom 04.02.- 12.02.2022<\/a><\/div><\/li><li class=\"\"><div class=\"sya_postcontent\"><span class=\"sya_date\">31. Januar <span class=\"sya_sep\">  -  <\/span><\/span><a href=\"https:\/\/burscheid-sonnenblume.de\/?p=6486\" class=\"sya_postlink post-6486\" rel=\"bookmark\">Update vom Montag &#8211; 31.01.2022 (Leitfaden Omikron-Welle)<\/a><\/div><\/li><li class=\"\"><div class=\"sya_postcontent\"><span class=\"sya_date\">26. Januar <span class=\"sya_sep\">  -  <\/span><\/span><a href=\"https:\/\/burscheid-sonnenblume.de\/?p=6483\" class=\"sya_postlink post-6483\" rel=\"bookmark\">Update vom Mittwoch &#8211; 26.01.2022 (Lolli-PCR-Pooltestungen bleiben in unserer Kita weiterhin bestehen)<\/a><\/div><\/li><li class=\"\"><div class=\"sya_postcontent\"><span class=\"sya_date\">24. Januar <span class=\"sya_sep\">  -  <\/span><\/span><a href=\"https:\/\/burscheid-sonnenblume.de\/?p=6458\" class=\"sya_postlink post-6458\" rel=\"bookmark\">Update vom Montag &#8211; 24.01.2022 (Allgemeinverf\u00fcgung eines negativen PCR-Test-Ergebnisses f\u00fcr Kinder)<\/a><\/div><\/li><li class=\"\"><div class=\"sya_postcontent\"><span class=\"sya_date\">22. Januar <span class=\"sya_sep\">  -  <\/span><\/span><a href=\"https:\/\/burscheid-sonnenblume.de\/?p=6446\" class=\"sya_postlink post-6446\" rel=\"bookmark\">Erfolgreicher digitaler Elternabend Sprachbildung \u2013 \u201eGemeinsam Sprachb\u00e4ume pflanzen\u201c<\/a><\/div><\/li><li class=\"\"><div class=\"sya_postcontent\"><span class=\"sya_date\">15. Januar <span class=\"sya_sep\">  -  <\/span><\/span><a href=\"https:\/\/burscheid-sonnenblume.de\/?p=6395\" class=\"sya_postlink post-6395\" rel=\"bookmark\">Die regelm\u00e4\u00dfigen PCR Pool Testung in der Sonnenblume<\/a><\/div><\/li><\/ul><a id=\"year2021\"><\/a><a href=\"https:\/\/burscheid-sonnenblume.de\/?m=2021\" rel=\"section\">2021<\/a> <span class=\"sya_yearcount\"><span class=\"sya_bracket\">(<\/span>74<span class=\"sya_bracket\">)<\/span><\/span><ul><li class=\"\"><div class=\"sya_postcontent\"><span class=\"sya_date\">23. Dezember <span class=\"sya_sep\">  -  <\/span><\/span><a href=\"https:\/\/burscheid-sonnenblume.de\/?p=6296\" class=\"sya_postlink post-6296\" rel=\"bookmark\">Danke DUSYMA &#8211; Sponsoring ist ein gro\u00dfer Akt der Gro\u00dfz\u00fcgigkeit!<\/a><\/div><\/li><li class=\"\"><div class=\"sya_postcontent\"><span class=\"sya_date\">13. Dezember <span class=\"sya_sep\">  -  <\/span><\/span><a href=\"https:\/\/burscheid-sonnenblume.de\/?p=6237\" class=\"sya_postlink post-6237\" rel=\"bookmark\">Unser Weihnachtsgru\u00df &#8211; 2021<\/a><\/div><\/li><li class=\"\"><div class=\"sya_postcontent\"><span class=\"sya_date\">07. Dezember <span class=\"sya_sep\">  -  <\/span><\/span><a href=\"https:\/\/burscheid-sonnenblume.de\/?p=6242\" class=\"sya_postlink post-6242\" rel=\"bookmark\">Der 4. Sonnenblumen LETTER &#8211; das Test-Jahr geht zu Ende<\/a><\/div><\/li><li class=\"\"><div class=\"sya_postcontent\"><span class=\"sya_date\">26. November <span class=\"sya_sep\">  -  <\/span><\/span><a href=\"https:\/\/burscheid-sonnenblume.de\/?p=6212\" class=\"sya_postlink post-6212\" rel=\"bookmark\">Familien Wochenende in Altenberg<\/a><\/div><\/li><li class=\"\"><div class=\"sya_postcontent\"><span class=\"sya_date\">24. November <span class=\"sya_sep\">  -  <\/span><\/span><a href=\"https:\/\/burscheid-sonnenblume.de\/?p=6154\" class=\"sya_postlink post-6154\" rel=\"bookmark\">Die Laternenwerkstatt f\u00fcr 109 Kinder<\/a><\/div><\/li><li class=\"\"><div class=\"sya_postcontent\"><span class=\"sya_date\">12. November <span class=\"sya_sep\">  -  <\/span><\/span><a href=\"https:\/\/burscheid-sonnenblume.de\/?p=6087\" class=\"sya_postlink post-6087\" rel=\"bookmark\">St. Martin Feier Teil 1+ R\u00fcckblick<\/a><\/div><\/li><li class=\"\"><div class=\"sya_postcontent\"><span class=\"sya_date\">11. November <span class=\"sya_sep\">  -  <\/span><\/span><a href=\"https:\/\/burscheid-sonnenblume.de\/?p=6108\" class=\"sya_postlink post-6108\" rel=\"bookmark\">St. Martins Feier Teil 2 &#8211; auf Gruppenebene<\/a><\/div><\/li><li class=\"\"><div class=\"sya_postcontent\"><span class=\"sya_date\">02. November <span class=\"sya_sep\">  -  <\/span><\/span><a href=\"https:\/\/burscheid-sonnenblume.de\/?p=6062\" class=\"sya_postlink post-6062\" rel=\"bookmark\">Digitaler Elternabend &#8220;DIE KLEINEN STARK MACHEN&#8221;<\/a><\/div><\/li><li class=\"\"><div class=\"sya_postcontent\"><span class=\"sya_date\">29. Oktober <span class=\"sya_sep\">  -  <\/span><\/span><a href=\"https:\/\/burscheid-sonnenblume.de\/?p=6045\" class=\"sya_postlink post-6045\" rel=\"bookmark\">Nachruf f\u00fcr unseren B\u00fcrgermeister Stefan Caplan<\/a><\/div><\/li><li class=\"\"><div class=\"sya_postcontent\"><span class=\"sya_date\">08. Oktober <span class=\"sya_sep\">  -  <\/span><\/span><a href=\"https:\/\/burscheid-sonnenblume.de\/?p=6018\" class=\"sya_postlink post-6018\" rel=\"bookmark\">Der 3. Sonnenblumen LETTER &#8211; Newsletter, Zeitung, Update?<\/a><\/div><\/li><li class=\"\"><div class=\"sya_postcontent\"><span class=\"sya_date\">04. Oktober <span class=\"sya_sep\">  -  <\/span><\/span><a href=\"https:\/\/burscheid-sonnenblume.de\/?p=5986\" class=\"sya_postlink post-5986\" rel=\"bookmark\">1. Platz f\u00fcr die Sonnenblume &#8211; Auszeichnung Nachhaltigkeitspreis 2021<\/a><\/div><\/li><li class=\"\"><div class=\"sya_postcontent\"><span class=\"sya_date\">29. September <span class=\"sya_sep\">  -  <\/span><\/span><a href=\"https:\/\/burscheid-sonnenblume.de\/?p=5875\" class=\"sya_postlink post-5875\" rel=\"bookmark\">Video &#8211; Danke an die F\u00f6rderung der Burscheid Stiftung der Kreissparkasse K\u00f6ln<\/a><\/div><\/li><li class=\"\"><div class=\"sya_postcontent\"><span class=\"sya_date\">20. September <span class=\"sya_sep\">  -  <\/span><\/span><a href=\"https:\/\/burscheid-sonnenblume.de\/?p=5862\" class=\"sya_postlink post-5862\" rel=\"bookmark\">Video &#8211; Der Film ist online ! Nachhaltigkeitspreis 2021<\/a><\/div><\/li><li class=\"\"><div class=\"sya_postcontent\"><span class=\"sya_date\">20. September <span class=\"sya_sep\">  -  <\/span><\/span><a href=\"https:\/\/burscheid-sonnenblume.de\/?p=5848\" class=\"sya_postlink post-5848\" rel=\"bookmark\">Video &#8211; Inga pr\u00e4sentiert die Wahl zum Kinderparlament<\/a><\/div><\/li><li class=\"\"><div class=\"sya_postcontent\"><span class=\"sya_date\">13. September <span class=\"sya_sep\">  -  <\/span><\/span><a href=\"https:\/\/burscheid-sonnenblume.de\/?p=5839\" class=\"sya_postlink post-5839\" rel=\"bookmark\">Update vom Montag &#8211; 13.09.2021 (Neuregelung Quarant\u00e4ne)<\/a><\/div><\/li><li class=\"\"><div class=\"sya_postcontent\"><span class=\"sya_date\">27. August <span class=\"sya_sep\">  -  <\/span><\/span><a href=\"https:\/\/burscheid-sonnenblume.de\/?p=5799\" class=\"sya_postlink post-5799\" rel=\"bookmark\">Vielfalt macht unsere Gesellschaft bunt!<\/a><\/div><\/li><li class=\"\"><div class=\"sya_postcontent\"><span class=\"sya_date\">25. August <span class=\"sya_sep\">  -  <\/span><\/span><a href=\"https:\/\/burscheid-sonnenblume.de\/?p=5791\" class=\"sya_postlink post-5791\" rel=\"bookmark\">Update vom Mittwoch &#8211; 24.08.2021 (Coronabetreuungsverordnung)<\/a><\/div><\/li><li class=\"\"><div class=\"sya_postcontent\"><span class=\"sya_date\">01. August <span class=\"sya_sep\">  -  <\/span><\/span><a href=\"https:\/\/burscheid-sonnenblume.de\/?p=5773\" class=\"sya_postlink post-5773\" rel=\"bookmark\">Das neue Kindergartenjahr beginnt&#8230;<\/a><\/div><\/li><li class=\"\"><div class=\"sya_postcontent\"><span class=\"sya_date\">27. Juli <span class=\"sya_sep\">  -  <\/span><\/span><a href=\"https:\/\/burscheid-sonnenblume.de\/?p=5732\" class=\"sya_postlink post-5732\" rel=\"bookmark\">Neues Konzept &#8220;Digitalisierung in der Kita Sonnenblume&#8221;<\/a><\/div><\/li><li class=\"\"><div class=\"sya_postcontent\"><span class=\"sya_date\">27. Juli <span class=\"sya_sep\">  -  <\/span><\/span><a href=\"https:\/\/burscheid-sonnenblume.de\/?p=5723\" class=\"sya_postlink post-5723\" rel=\"bookmark\">Die Elternreise als Video f\u00fcr interessierte Familien<\/a><\/div><\/li><li class=\"\"><div class=\"sya_postcontent\"><span class=\"sya_date\">05. Juli <span class=\"sya_sep\">  -  <\/span><\/span><a href=\"https:\/\/burscheid-sonnenblume.de\/?p=5716\" class=\"sya_postlink post-5716\" rel=\"bookmark\">Unser Feriengru\u00df 2021<\/a><\/div><\/li><li class=\"\"><div class=\"sya_postcontent\"><span class=\"sya_date\">05. Juli <span class=\"sya_sep\">  -  <\/span><\/span><a href=\"https:\/\/burscheid-sonnenblume.de\/?p=5711\" class=\"sya_postlink post-5711\" rel=\"bookmark\">Update vom Montag &#8211; 05.07.2021 (Sommerzeit)<\/a><\/div><\/li><li class=\"\"><div class=\"sya_postcontent\"><span class=\"sya_date\">22. Juni <span class=\"sya_sep\">  -  <\/span><\/span><a href=\"https:\/\/burscheid-sonnenblume.de\/?p=5683\" class=\"sya_postlink post-5683\" rel=\"bookmark\">Der 2. Sonnenblumen LETTER &#8211; Newsletter, Zeitung, Update?<\/a><\/div><\/li><li class=\"\"><div class=\"sya_postcontent\"><span class=\"sya_date\">16. Juni <span class=\"sya_sep\">  -  <\/span><\/span><a href=\"https:\/\/burscheid-sonnenblume.de\/?p=5675\" class=\"sya_postlink post-5675\" rel=\"bookmark\">Erfolgreiche Evakuierungs\u00fcbung im Brandfall<\/a><\/div><\/li><li class=\"\"><div class=\"sya_postcontent\"><span class=\"sya_date\">16. Juni <span class=\"sya_sep\">  -  <\/span><\/span><a href=\"https:\/\/burscheid-sonnenblume.de\/?p=5671\" class=\"sya_postlink post-5671\" rel=\"bookmark\">Video &#8211; Die Abschlussfeier der Vorschulkinder 2021<\/a><\/div><\/li><li class=\"\"><div class=\"sya_postcontent\"><span class=\"sya_date\">07. Juni <span class=\"sya_sep\">  -  <\/span><\/span><a href=\"https:\/\/burscheid-sonnenblume.de\/?p=5633\" class=\"sya_postlink post-5633\" rel=\"bookmark\">Video &#8211; &#8220;Es gr\u00fcnt so gr\u00fcn&#8230; oder wo kommt unser Essen her&#8230;&#8221;<\/a><\/div><\/li><li class=\"\"><div class=\"sya_postcontent\"><span class=\"sya_date\">04. Juni <span class=\"sya_sep\">  -  <\/span><\/span><a href=\"https:\/\/burscheid-sonnenblume.de\/?p=5643\" class=\"sya_postlink post-5643\" rel=\"bookmark\">Update vom Freitag &#8211; 04.06.2021 (Ferienschlie\u00dfzeiten)<\/a><\/div><\/li><li class=\"\"><div class=\"sya_postcontent\"><span class=\"sya_date\">02. Juni <span class=\"sya_sep\">  -  <\/span><\/span><a href=\"https:\/\/burscheid-sonnenblume.de\/?p=5512\" class=\"sya_postlink post-5512\" rel=\"bookmark\">Juchu, wir haben gewonnen &#8211; 2. Platz<\/a><\/div><\/li><li class=\"\"><div class=\"sya_postcontent\"><span class=\"sya_date\">01. Juni <span class=\"sya_sep\">  -  <\/span><\/span><a href=\"https:\/\/burscheid-sonnenblume.de\/?p=5563\" class=\"sya_postlink post-5563\" rel=\"bookmark\">Digitale Zoof\u00fchrung durch den K\u00f6lner Zoo<\/a><\/div><\/li><li class=\"\"><div class=\"sya_postcontent\"><span class=\"sya_date\">27. Mai <span class=\"sya_sep\">  -  <\/span><\/span><a href=\"https:\/\/burscheid-sonnenblume.de\/?p=5554\" class=\"sya_postlink post-5554\" rel=\"bookmark\">Update vom Donnerstag &#8211; 27.05.2021 (Regelbetrieb ab 07.06)<\/a><\/div><\/li><li class=\"\"><div class=\"sya_postcontent\"><span class=\"sya_date\">26. Mai <span class=\"sya_sep\">  -  <\/span><\/span><a href=\"https:\/\/burscheid-sonnenblume.de\/?p=5534\" class=\"sya_postlink post-5534\" rel=\"bookmark\">KOMPAKT &#8211; Zwei weiterer Artikel aus der Sonnenblume<\/a><\/div><\/li><li class=\"\"><div class=\"sya_postcontent\"><span class=\"sya_date\">20. Mai <span class=\"sya_sep\">  -  <\/span><\/span><a href=\"https:\/\/burscheid-sonnenblume.de\/?p=5505\" class=\"sya_postlink post-5505\" rel=\"bookmark\">Der 1. Sonnenblumen LETTER &#8211; Newsletter, Zeitung, Update?<\/a><\/div><\/li><li class=\"\"><div class=\"sya_postcontent\"><span class=\"sya_date\">18. Mai <span class=\"sya_sep\">  -  <\/span><\/span><a href=\"https:\/\/burscheid-sonnenblume.de\/?p=5476\" class=\"sya_postlink post-5476\" rel=\"bookmark\">Video &#8211; Das vor\u00fcbergehende Zuhause der Wiesenwichtel<\/a><\/div><\/li><li class=\"\"><div class=\"sya_postcontent\"><span class=\"sya_date\">12. Mai <span class=\"sya_sep\">  -  <\/span><\/span><a href=\"https:\/\/burscheid-sonnenblume.de\/?p=5469\" class=\"sya_postlink post-5469\" rel=\"bookmark\">Video &#8211; Der Wellenspieler &#8220;Viel Spa\u00df und Freude mit wenig Wasser&#8221;<\/a><\/div><\/li><li class=\"\"><div class=\"sya_postcontent\"><span class=\"sya_date\">12. Mai <span class=\"sya_sep\">  -  <\/span><\/span><a href=\"https:\/\/burscheid-sonnenblume.de\/?p=5460\" class=\"sya_postlink post-5460\" rel=\"bookmark\">Die Burscheider Umweltwoche 2021 \u2013 und was davon \u00fcbrig blieb<\/a><\/div><\/li><li class=\"\"><div class=\"sya_postcontent\"><span class=\"sya_date\">29. April <span class=\"sya_sep\">  -  <\/span><\/span><a href=\"https:\/\/burscheid-sonnenblume.de\/?p=5393\" class=\"sya_postlink post-5393\" rel=\"bookmark\">\u201eHeute kann es regnen, st\u00fcrmen \u2026\u201c<\/a><\/div><\/li><li class=\"\"><div class=\"sya_postcontent\"><span class=\"sya_date\">23. April <span class=\"sya_sep\">  -  <\/span><\/span><a href=\"https:\/\/burscheid-sonnenblume.de\/?p=5336\" class=\"sya_postlink post-5336\" rel=\"bookmark\">Verteilung und Gebrausanweisung der Selbsttests<\/a><\/div><\/li><li class=\"\"><div class=\"sya_postcontent\"><span class=\"sya_date\">23. April <span class=\"sya_sep\">  -  <\/span><\/span><a href=\"https:\/\/burscheid-sonnenblume.de\/?p=5333\" class=\"sya_postlink post-5333\" rel=\"bookmark\">Update vom Freitag &#8211; 23.04.2021 (Bundesnotbremse)<\/a><\/div><\/li><li class=\"\"><div class=\"sya_postcontent\"><span class=\"sya_date\">12. April <span class=\"sya_sep\">  -  <\/span><\/span><a href=\"https:\/\/burscheid-sonnenblume.de\/?p=5304\" class=\"sya_postlink post-5304\" rel=\"bookmark\">Update vom Montag &#8211; 12.04.2021 (Verz\u00f6gerung Schnelltest)<\/a><\/div><\/li><li class=\"\"><div class=\"sya_postcontent\"><span class=\"sya_date\">31. M\u00e4rz <span class=\"sya_sep\">  -  <\/span><\/span><a href=\"https:\/\/burscheid-sonnenblume.de\/?p=5215\" class=\"sya_postlink post-5215\" rel=\"bookmark\">Schnell-Test-Premiere in der Kita Sonnenblume<\/a><\/div><\/li><li class=\"\"><div class=\"sya_postcontent\"><span class=\"sya_date\">30. M\u00e4rz <span class=\"sya_sep\">  -  <\/span><\/span><a href=\"https:\/\/burscheid-sonnenblume.de\/?p=5133\" class=\"sya_postlink post-5133\" rel=\"bookmark\">Fotos der Aktion &#8220;Bibel im Karton 2021&#8221;<\/a><\/div><\/li><li class=\"\"><div class=\"sya_postcontent\"><span class=\"sya_date\">30. M\u00e4rz <span class=\"sya_sep\">  -  <\/span><\/span><a href=\"https:\/\/burscheid-sonnenblume.de\/?p=5128\" class=\"sya_postlink post-5128\" rel=\"bookmark\">Fotos + Unser Ostergru\u00df 2021<\/a><\/div><\/li><li class=\"\"><div class=\"sya_postcontent\"><span class=\"sya_date\">29. M\u00e4rz <span class=\"sya_sep\">  -  <\/span><\/span><a href=\"https:\/\/burscheid-sonnenblume.de\/?p=5149\" class=\"sya_postlink post-5149\" rel=\"bookmark\">Update vom Montag &#8211; 29.03.2021 (Ministerschreiben Tage nach Ostern)<\/a><\/div><\/li><li class=\"\"><div class=\"sya_postcontent\"><span class=\"sya_date\">15. M\u00e4rz <span class=\"sya_sep\">  -  <\/span><\/span><a href=\"https:\/\/burscheid-sonnenblume.de\/?p=5116\" class=\"sya_postlink post-5116\" rel=\"bookmark\">Bald feiern wir Ostern!<\/a><\/div><\/li><li class=\"\"><div class=\"sya_postcontent\"><span class=\"sya_date\">15. M\u00e4rz <span class=\"sya_sep\">  -  <\/span><\/span><a href=\"https:\/\/burscheid-sonnenblume.de\/?p=5110\" class=\"sya_postlink post-5110\" rel=\"bookmark\">Jetzt wird programmiert &#8211;  &#8220;analoges coding&#8221; von Robotern<\/a><\/div><\/li><li class=\"\"><div class=\"sya_postcontent\"><span class=\"sya_date\">15. M\u00e4rz <span class=\"sya_sep\">  -  <\/span><\/span><a href=\"https:\/\/burscheid-sonnenblume.de\/?p=5103\" class=\"sya_postlink post-5103\" rel=\"bookmark\">Aktion &#8211; Bibel im Karton 2021<\/a><\/div><\/li><li class=\"\"><div class=\"sya_postcontent\"><span class=\"sya_date\">15. M\u00e4rz <span class=\"sya_sep\">  -  <\/span><\/span><a href=\"https:\/\/burscheid-sonnenblume.de\/?p=5095\" class=\"sya_postlink post-5095\" rel=\"bookmark\">Unser Gewinner des Ausmalwettbewerbs<\/a><\/div><\/li><li class=\"\"><div class=\"sya_postcontent\"><span class=\"sya_date\">06. M\u00e4rz <span class=\"sya_sep\">  -  <\/span><\/span><a href=\"https:\/\/burscheid-sonnenblume.de\/?p=5077\" class=\"sya_postlink post-5077\" rel=\"bookmark\">Update vom Samstag &#8211; 06.03.2021 (Abstriche sind negativ)<\/a><\/div><\/li><li class=\"\"><div class=\"sya_postcontent\"><span class=\"sya_date\">05. M\u00e4rz <span class=\"sya_sep\">  -  <\/span><\/span><a href=\"https:\/\/burscheid-sonnenblume.de\/?p=5064\" class=\"sya_postlink post-5064\" rel=\"bookmark\">Informationen zu unseren \u00d6ffnungszeiten ab dem 08.03.2021<\/a><\/div><\/li><li class=\"\"><div class=\"sya_postcontent\"><span class=\"sya_date\">05. M\u00e4rz <span class=\"sya_sep\">  -  <\/span><\/span><a href=\"https:\/\/burscheid-sonnenblume.de\/?p=5073\" class=\"sya_postlink post-5073\" rel=\"bookmark\">Update vom Freitag &#8211; 05.03.2021 (Allgemeinverf\u00fcgung Hummelgruppe)<\/a><\/div><\/li><li class=\"\"><div class=\"sya_postcontent\"><span class=\"sya_date\">04. M\u00e4rz <span class=\"sya_sep\">  -  <\/span><\/span><a href=\"https:\/\/burscheid-sonnenblume.de\/?p=5069\" class=\"sya_postlink post-5069\" rel=\"bookmark\">Update &#8211; Ministerschreiben vom 04.03.2021<\/a><\/div><\/li><li class=\"\"><div class=\"sya_postcontent\"><span class=\"sya_date\">22. Februar <span class=\"sya_sep\">  -  <\/span><\/span><a href=\"https:\/\/burscheid-sonnenblume.de\/?p=5057\" class=\"sya_postlink post-5057\" rel=\"bookmark\">Einladung zum kostenlosen Online Seminar \u201eVereinbarkeit von Beruf und Familie<\/a><\/div><\/li><li class=\"\"><div class=\"sya_postcontent\"><span class=\"sya_date\">19. Februar <span class=\"sya_sep\">  -  <\/span><\/span><a href=\"https:\/\/burscheid-sonnenblume.de\/?p=5029\" class=\"sya_postlink post-5029\" rel=\"bookmark\">Unsere Oster-Informationsmappe<\/a><\/div><\/li><li class=\"\"><div class=\"sya_postcontent\"><span class=\"sya_date\">19. Februar <span class=\"sya_sep\">  -  <\/span><\/span><a href=\"https:\/\/burscheid-sonnenblume.de\/?p=5023\" class=\"sya_postlink post-5023\" rel=\"bookmark\">Gem\u00fctlicher Kuschelkreis<\/a><\/div><\/li><li class=\"\"><div class=\"sya_postcontent\"><span class=\"sya_date\">19. Februar <span class=\"sya_sep\">  -  <\/span><\/span><a href=\"https:\/\/burscheid-sonnenblume.de\/?p=5013\" class=\"sya_postlink post-5013\" rel=\"bookmark\">Die Netiquette f\u00fcr die Kinder<\/a><\/div><\/li><li class=\"\"><div class=\"sya_postcontent\"><span class=\"sya_date\">18. Februar <span class=\"sya_sep\">  -  <\/span><\/span><a href=\"https:\/\/burscheid-sonnenblume.de\/?p=5001\" class=\"sya_postlink post-5001\" rel=\"bookmark\">Aschermittwoch zu Hause &#038; doch gemeinsam<\/a><\/div><\/li><li class=\"\"><div class=\"sya_postcontent\"><span class=\"sya_date\">16. Februar <span class=\"sya_sep\">  -  <\/span><\/span><a href=\"https:\/\/burscheid-sonnenblume.de\/?p=4964\" class=\"sya_postlink post-4964\" rel=\"bookmark\">Update &#8211; sog. eingeschr\u00e4nkter Regelbetrieb 16.02.2021<\/a><\/div><\/li><li class=\"\"><div class=\"sya_postcontent\"><span class=\"sya_date\">15. Februar <span class=\"sya_sep\">  -  <\/span><\/span><a href=\"https:\/\/burscheid-sonnenblume.de\/?p=4956\" class=\"sya_postlink post-4956\" rel=\"bookmark\">Die Bilderbuchkinos aus der Sonnenblume<\/a><\/div><\/li><li class=\"\"><div class=\"sya_postcontent\"><span class=\"sya_date\">15. Februar <span class=\"sya_sep\">  -  <\/span><\/span><a href=\"https:\/\/burscheid-sonnenblume.de\/?p=4942\" class=\"sya_postlink post-4942\" rel=\"bookmark\">Video &#8211; Einladung zur \u201efast\u201c LIVE Lesung<\/a><\/div><\/li><li class=\"\"><div class=\"sya_postcontent\"><span class=\"sya_date\">12. Februar <span class=\"sya_sep\">  -  <\/span><\/span><a href=\"https:\/\/burscheid-sonnenblume.de\/?p=4921\" class=\"sya_postlink post-4921\" rel=\"bookmark\">Update &#8211; Eingeschr\u00e4nkter Pandemiebetrieb 12.02.21<\/a><\/div><\/li><li class=\"\"><div class=\"sya_postcontent\"><span class=\"sya_date\">11. Februar <span class=\"sya_sep\">  -  <\/span><\/span><a href=\"https:\/\/burscheid-sonnenblume.de\/?p=4912\" class=\"sya_postlink post-4912\" rel=\"bookmark\">Alaaf&#8230; 11:11 Uhr Video &#8211; Unterwegs mit den Jecken-T\u00fcten<\/a><\/div><\/li><li class=\"\"><div class=\"sya_postcontent\"><span class=\"sya_date\">09. Februar <span class=\"sya_sep\">  -  <\/span><\/span><a href=\"https:\/\/burscheid-sonnenblume.de\/?p=4879\" class=\"sya_postlink post-4879\" rel=\"bookmark\">Ein herzliches Dankesch\u00f6n, geht an den F\u00f6rderverein<\/a><\/div><\/li><li class=\"\"><div class=\"sya_postcontent\"><span class=\"sya_date\">05. Februar <span class=\"sya_sep\">  -  <\/span><\/span><a href=\"https:\/\/burscheid-sonnenblume.de\/?p=4867\" class=\"sya_postlink post-4867\" rel=\"bookmark\">Eure Einsendungen \u2013 Fotos, Videos und Sprachnachrichten<\/a><\/div><\/li><li class=\"\"><div class=\"sya_postcontent\"><span class=\"sya_date\">03. Februar <span class=\"sya_sep\">  -  <\/span><\/span><a href=\"https:\/\/burscheid-sonnenblume.de\/?p=4841\" class=\"sya_postlink post-4841\" rel=\"bookmark\">Rein ins Kost\u00fcm, rauf auf das Sofa<\/a><\/div><\/li><li class=\"\"><div class=\"sya_postcontent\"><span class=\"sya_date\">02. Februar <span class=\"sya_sep\">  -  <\/span><\/span><a href=\"https:\/\/burscheid-sonnenblume.de\/?p=4758\" class=\"sya_postlink post-4758\" rel=\"bookmark\">\u201eClick &#038; Collect\u201c &#8211; f\u00fcr das Mittagessen<\/a><\/div><\/li><li class=\"\"><div class=\"sya_postcontent\"><span class=\"sya_date\">21. Januar <span class=\"sya_sep\">  -  <\/span><\/span><a href=\"https:\/\/burscheid-sonnenblume.de\/?p=4497\" class=\"sya_postlink post-4497\" rel=\"bookmark\">Update &#8211; Eingeschr\u00e4nkter Pandemiebetrieb 21.01.21<\/a><\/div><\/li><li class=\"\"><div class=\"sya_postcontent\"><span class=\"sya_date\">15. Januar <span class=\"sya_sep\">  -  <\/span><\/span><a href=\"https:\/\/burscheid-sonnenblume.de\/?p=4471\" class=\"sya_postlink post-4471\" rel=\"bookmark\">Links- &#038; Webadressen mit kindgerechten Inhalten<\/a><\/div><\/li><li class=\"\"><div class=\"sya_postcontent\"><span class=\"sya_date\">15. Januar <span class=\"sya_sep\">  -  <\/span><\/span><a href=\"https:\/\/burscheid-sonnenblume.de\/?p=4469\" class=\"sya_postlink post-4469\" rel=\"bookmark\">Update Elternbeitr\u00e4ge Januar 2021 &#8211; 15.01.21<\/a><\/div><\/li><li class=\"\"><div class=\"sya_postcontent\"><span class=\"sya_date\">14. Januar <span class=\"sya_sep\">  -  <\/span><\/span><a href=\"https:\/\/burscheid-sonnenblume.de\/?p=4465\" class=\"sya_postlink post-4465\" rel=\"bookmark\">Aktualisierung der Schlie\u00dfungstage<\/a><\/div><\/li><li class=\"\"><div class=\"sya_postcontent\"><span class=\"sya_date\">11. Januar <span class=\"sya_sep\">  -  <\/span><\/span><a href=\"https:\/\/burscheid-sonnenblume.de\/?p=4499\" class=\"sya_postlink post-4499\" rel=\"bookmark\">Anpassung der Betreuungszeiten im eingeschr\u00e4nkten Pandemiebetrieb<\/a><\/div><\/li><li class=\"\"><div class=\"sya_postcontent\"><span class=\"sya_date\">08. Januar <span class=\"sya_sep\">  -  <\/span><\/span><a href=\"https:\/\/burscheid-sonnenblume.de\/?p=4446\" class=\"sya_postlink post-4446\" rel=\"bookmark\">Das Fest der hl. drei K\u00f6nige in der Kita Sonnenblume<\/a><\/div><\/li><li class=\"\"><div class=\"sya_postcontent\"><span class=\"sya_date\">08. Januar <span class=\"sya_sep\">  -  <\/span><\/span><a href=\"https:\/\/burscheid-sonnenblume.de\/?p=4437\" class=\"sya_postlink post-4437\" rel=\"bookmark\">Erster Schnee in der Sonnenblume<\/a><\/div><\/li><li class=\"\"><div class=\"sya_postcontent\"><span class=\"sya_date\">07. Januar <span class=\"sya_sep\">  -  <\/span><\/span><a href=\"https:\/\/burscheid-sonnenblume.de\/?p=4427\" class=\"sya_postlink post-4427\" rel=\"bookmark\">Update zum eingeschr\u00e4nkten Pandemiebetrieb &#8211; 07.01.21<\/a><\/div><\/li><li class=\"\"><div class=\"sya_postcontent\"><span class=\"sya_date\">04. Januar <span class=\"sya_sep\">  -  <\/span><\/span><a href=\"https:\/\/burscheid-sonnenblume.de\/?p=4405\" class=\"sya_postlink post-4405\" rel=\"bookmark\">Die Winterstadt in der Hasengruppe<\/a><\/div><\/li><\/ul><a id=\"year2020\"><\/a><a href=\"https:\/\/burscheid-sonnenblume.de\/?m=2020\" rel=\"section\">2020<\/a> <span class=\"sya_yearcount\"><span class=\"sya_bracket\">(<\/span>39<span class=\"sya_bracket\">)<\/span><\/span><ul><li class=\"\"><div class=\"sya_postcontent\"><span class=\"sya_date\">23. Dezember <span class=\"sya_sep\">  -  <\/span><\/span><a href=\"https:\/\/burscheid-sonnenblume.de\/?p=4430\" class=\"sya_postlink post-4430\" rel=\"bookmark\">Engel der Vorschulkinder im Advent 2020<\/a><\/div><\/li><li class=\"\"><div class=\"sya_postcontent\"><span class=\"sya_date\">17. Dezember <span class=\"sya_sep\">  -  <\/span><\/span><a href=\"https:\/\/burscheid-sonnenblume.de\/?p=4253\" class=\"sya_postlink post-4253\" rel=\"bookmark\">Der F\u00f6rderverein Sonnenblume HILGEN e.V. sagt DANKE<\/a><\/div><\/li><li class=\"\"><div class=\"sya_postcontent\"><span class=\"sya_date\">11. Dezember <span class=\"sya_sep\">  -  <\/span><\/span><a href=\"https:\/\/burscheid-sonnenblume.de\/?p=4347\" class=\"sya_postlink post-4347\" rel=\"bookmark\">Ein &#8220;Dankesch\u00f6n&#8221; vom Elternbeirat<\/a><\/div><\/li><li class=\"\"><div class=\"sya_postcontent\"><span class=\"sya_date\">11. Dezember <span class=\"sya_sep\">  -  <\/span><\/span><a href=\"https:\/\/burscheid-sonnenblume.de\/?p=4361\" class=\"sya_postlink post-4361\" rel=\"bookmark\">Update zur Pandemie 14.12.20 &#8211; Lockdown<\/a><\/div><\/li><li class=\"\"><div class=\"sya_postcontent\"><span class=\"sya_date\">10. Dezember <span class=\"sya_sep\">  -  <\/span><\/span><a href=\"https:\/\/burscheid-sonnenblume.de\/?p=4340\" class=\"sya_postlink post-4340\" rel=\"bookmark\">Video &#8211; Der Nikolaus besuchte die Sonnenblume<\/a><\/div><\/li><li class=\"\"><div class=\"sya_postcontent\"><span class=\"sya_date\">10. Dezember <span class=\"sya_sep\">  -  <\/span><\/span><a href=\"https:\/\/burscheid-sonnenblume.de\/?p=4328\" class=\"sya_postlink post-4328\" rel=\"bookmark\">St. Martinsfest in der Sonnenblume<\/a><\/div><\/li><li class=\"\"><div class=\"sya_postcontent\"><span class=\"sya_date\">08. Dezember <span class=\"sya_sep\">  -  <\/span><\/span><a href=\"https:\/\/burscheid-sonnenblume.de\/?p=4319\" class=\"sya_postlink post-4319\" rel=\"bookmark\">Update zur Pandemie &#8211; Ministerschreiben + Kindertageseinrichtung im Pandemiebetrieb vom 08.12.2020<\/a><\/div><\/li><li class=\"\"><div class=\"sya_postcontent\"><span class=\"sya_date\">07. Dezember <span class=\"sya_sep\">  -  <\/span><\/span><a href=\"https:\/\/burscheid-sonnenblume.de\/?p=4315\" class=\"sya_postlink post-4315\" rel=\"bookmark\">Update zur Pandemie &#8211; Neue Verordnung des Landes Nordrhein-Westfalen gibt einheitliche Quarant\u00e4neregelungen<\/a><\/div><\/li><li class=\"\"><div class=\"sya_postcontent\"><span class=\"sya_date\">03. Dezember <span class=\"sya_sep\">  -  <\/span><\/span><a href=\"https:\/\/burscheid-sonnenblume.de\/?p=4287\" class=\"sya_postlink post-4287\" rel=\"bookmark\">Kindergottesdienst im Advent \u2013 Einladung von Herrn Floer<\/a><\/div><\/li><li class=\"\"><div class=\"sya_postcontent\"><span class=\"sya_date\">01. Dezember <span class=\"sya_sep\">  -  <\/span><\/span><a href=\"https:\/\/burscheid-sonnenblume.de\/?p=4194\" class=\"sya_postlink post-4194\" rel=\"bookmark\">Hat &#8220;Corona&#8221; Einfluss auf unsere K\u00fcche?<\/a><\/div><\/li><li class=\"\"><div class=\"sya_postcontent\"><span class=\"sya_date\">24. November <span class=\"sya_sep\">  -  <\/span><\/span><a href=\"https:\/\/burscheid-sonnenblume.de\/?p=4136\" class=\"sya_postlink post-4136\" rel=\"bookmark\">Unsere Stv. B\u00fcrgermeisterin aus der Sonnenblume<\/a><\/div><\/li><li class=\"\"><div class=\"sya_postcontent\"><span class=\"sya_date\">24. November <span class=\"sya_sep\">  -  <\/span><\/span><a href=\"https:\/\/burscheid-sonnenblume.de\/?p=4113\" class=\"sya_postlink post-4113\" rel=\"bookmark\">Erfolgreiche Online-Wahl des Elternbeirates<\/a><\/div><\/li><li class=\"\"><div class=\"sya_postcontent\"><span class=\"sya_date\">23. November <span class=\"sya_sep\">  -  <\/span><\/span><a href=\"https:\/\/burscheid-sonnenblume.de\/?p=4153\" class=\"sya_postlink post-4153\" rel=\"bookmark\">H\u00e4rtefallfonds \u201eAlle Kinder essen mit\u201c<\/a><\/div><\/li><li class=\"\"><div class=\"sya_postcontent\"><span class=\"sya_date\">19. November <span class=\"sya_sep\">  -  <\/span><\/span><a href=\"https:\/\/burscheid-sonnenblume.de\/?p=4120\" class=\"sya_postlink post-4120\" rel=\"bookmark\">Update zur Pandemie + Presseinformation des RBKs (19.11.2020)<\/a><\/div><\/li><li class=\"\"><div class=\"sya_postcontent\"><span class=\"sya_date\">18. November <span class=\"sya_sep\">  -  <\/span><\/span><a href=\"https:\/\/burscheid-sonnenblume.de\/?p=4129\" class=\"sya_postlink post-4129\" rel=\"bookmark\">Das aktualisierte Ganztagskonzept aus der Sonnenblume<\/a><\/div><\/li><li class=\"\"><div class=\"sya_postcontent\"><span class=\"sya_date\">08. November <span class=\"sya_sep\">  -  <\/span><\/span><a href=\"https:\/\/burscheid-sonnenblume.de\/?p=4049\" class=\"sya_postlink post-4049\" rel=\"bookmark\">Wichtiges Update zur Pandemie + Elternbrief des RBK&#8217;s (08.11.2020)<\/a><\/div><\/li><li class=\"\"><div class=\"sya_postcontent\"><span class=\"sya_date\">11. Oktober <span class=\"sya_sep\">  -  <\/span><\/span><a href=\"https:\/\/burscheid-sonnenblume.de\/?p=4017\" class=\"sya_postlink post-4017\" rel=\"bookmark\">Ein neues K\u00f6nig Palmus H\u00f6rspiel &#8211; Folge 8<\/a><\/div><\/li><li class=\"\"><div class=\"sya_postcontent\"><span class=\"sya_date\">11. Oktober <span class=\"sya_sep\">  -  <\/span><\/span><a href=\"https:\/\/burscheid-sonnenblume.de\/?p=4007\" class=\"sya_postlink post-4007\" rel=\"bookmark\">Erweiterte \u00d6ffnungszeiten seitdem neuen Kita-Jahr 2020\/2021 in der Caritas Kita \u201cSonnenblume\u201c<\/a><\/div><\/li><li class=\"\"><div class=\"sya_postcontent\"><span class=\"sya_date\">27. August <span class=\"sya_sep\">  -  <\/span><\/span><a href=\"https:\/\/burscheid-sonnenblume.de\/?p=3884\" class=\"sya_postlink post-3884\" rel=\"bookmark\">Unser neues Spielger\u00e4t auf dem Au\u00dfengel\u00e4nde<\/a><\/div><\/li><li class=\"\"><div class=\"sya_postcontent\"><span class=\"sya_date\">03. August <span class=\"sya_sep\">  -  <\/span><\/span><a href=\"https:\/\/burscheid-sonnenblume.de\/?p=3683\" class=\"sya_postlink post-3683\" rel=\"bookmark\">Das Stelzenhaus hat neue &#8220;Schuhe&#8221;<\/a><\/div><\/li><li class=\"\"><div class=\"sya_postcontent\"><span class=\"sya_date\">03. August <span class=\"sya_sep\">  -  <\/span><\/span><a href=\"https:\/\/burscheid-sonnenblume.de\/?p=4947\" class=\"sya_postlink post-4947\" rel=\"bookmark\">Projekt Lupenmemory in der Natur-p\u00e4dagogik<\/a><\/div><\/li><li class=\"\"><div class=\"sya_postcontent\"><span class=\"sya_date\">06. Juli <span class=\"sya_sep\">  -  <\/span><\/span><a href=\"https:\/\/burscheid-sonnenblume.de\/?p=3586\" class=\"sya_postlink post-3586\" rel=\"bookmark\">Zusammenfassung &#8211; Besondere Aktivit\u00e4ten im eingeschr\u00e4nkten Regelbetrieb<\/a><\/div><\/li><li class=\"\"><div class=\"sya_postcontent\"><span class=\"sya_date\">06. Juli <span class=\"sya_sep\">  -  <\/span><\/span><a href=\"https:\/\/burscheid-sonnenblume.de\/?p=3558\" class=\"sya_postlink post-3558\" rel=\"bookmark\">Unser Ferien Gru\u00df 2020<\/a><\/div><\/li><li class=\"\"><div class=\"sya_postcontent\"><span class=\"sya_date\">04. Juli <span class=\"sya_sep\">  -  <\/span><\/span><a href=\"https:\/\/burscheid-sonnenblume.de\/?p=3613\" class=\"sya_postlink post-3613\" rel=\"bookmark\">Die Abschlussfeier der Vorschulkinder<\/a><\/div><\/li><li class=\"\"><div class=\"sya_postcontent\"><span class=\"sya_date\">02. Juli <span class=\"sya_sep\">  -  <\/span><\/span><a href=\"https:\/\/burscheid-sonnenblume.de\/?p=3534\" class=\"sya_postlink post-3534\" rel=\"bookmark\">Ein weiterer Artikel aus der Kita &#8211; KOMPAKT<\/a><\/div><\/li><li class=\"\"><div class=\"sya_postcontent\"><span class=\"sya_date\">02. Juli <span class=\"sya_sep\">  -  <\/span><\/span><a href=\"https:\/\/burscheid-sonnenblume.de\/?p=3491\" class=\"sya_postlink post-3491\" rel=\"bookmark\">Video &#8220;roomtour&#8221; durch die Kita.<\/a><\/div><\/li><li class=\"\"><div class=\"sya_postcontent\"><span class=\"sya_date\">29. Juni <span class=\"sya_sep\">  -  <\/span><\/span><a href=\"https:\/\/burscheid-sonnenblume.de\/?p=3460\" class=\"sya_postlink post-3460\" rel=\"bookmark\">Ein neues H\u00f6rspiel ist online &#8211; Folge 7<\/a><\/div><\/li><li class=\"\"><div class=\"sya_postcontent\"><span class=\"sya_date\">25. Juni <span class=\"sya_sep\">  -  <\/span><\/span><a href=\"https:\/\/burscheid-sonnenblume.de\/?p=4487\" class=\"sya_postlink post-4487\" rel=\"bookmark\">Das Autokino der der Sonnenblume<\/a><\/div><\/li><li class=\"\"><div class=\"sya_postcontent\"><span class=\"sya_date\">05. Juni <span class=\"sya_sep\">  -  <\/span><\/span><a href=\"https:\/\/burscheid-sonnenblume.de\/?p=3408\" class=\"sya_postlink post-3408\" rel=\"bookmark\">Am 08.06.2020 geht es wieder los&#8230;<\/a><\/div><\/li><li class=\"\"><div class=\"sya_postcontent\"><span class=\"sya_date\">26. Mai <span class=\"sya_sep\">  -  <\/span><\/span><a href=\"https:\/\/burscheid-sonnenblume.de\/?p=3333\" class=\"sya_postlink post-3333\" rel=\"bookmark\">Die Gewinner des Luftballon-Weitflugs<\/a><\/div><\/li><li class=\"\"><div class=\"sya_postcontent\"><span class=\"sya_date\">14. Mai <span class=\"sya_sep\">  -  <\/span><\/span><a href=\"https:\/\/burscheid-sonnenblume.de\/?p=3223\" class=\"sya_postlink post-3223\" rel=\"bookmark\">Wir starten die &#8220;Sonnenblumen LIVE Aktionen&#8221; in Form von Video Konfernezen<\/a><\/div><\/li><li class=\"\"><div class=\"sya_postcontent\"><span class=\"sya_date\">04. Mai <span class=\"sya_sep\">  -  <\/span><\/span><a href=\"https:\/\/burscheid-sonnenblume.de\/?p=3087\" class=\"sya_postlink post-3087\" rel=\"bookmark\">Die Luftballon Challenge der Film<\/a><\/div><\/li><li class=\"\"><div class=\"sya_postcontent\"><span class=\"sya_date\">02. Mai <span class=\"sya_sep\">  -  <\/span><\/span><a href=\"https:\/\/burscheid-sonnenblume.de\/?p=5602\" class=\"sya_postlink post-5602\" rel=\"bookmark\">KOMPAKT &#8211; Das Schutzkonzept zur Einhaltung des Infektionsschutzes<\/a><\/div><\/li><li class=\"\"><div class=\"sya_postcontent\"><span class=\"sya_date\">01. Mai <span class=\"sya_sep\">  -  <\/span><\/span><a href=\"https:\/\/burscheid-sonnenblume.de\/?p=3105\" class=\"sya_postlink post-3105\" rel=\"bookmark\">Schutzkonzept zur St\u00e4rkung des Infektionsschutzes<\/a><\/div><\/li><li class=\"\"><div class=\"sya_postcontent\"><span class=\"sya_date\">16. April <span class=\"sya_sep\">  -  <\/span><\/span><a href=\"https:\/\/burscheid-sonnenblume.de\/?p=3089\" class=\"sya_postlink post-3089\" rel=\"bookmark\">Der Corona Ferien Newsletter<\/a><\/div><\/li><li class=\"\"><div class=\"sya_postcontent\"><span class=\"sya_date\">09. April <span class=\"sya_sep\">  -  <\/span><\/span><a href=\"https:\/\/burscheid-sonnenblume.de\/?p=2439\" class=\"sya_postlink post-2439\" rel=\"bookmark\">Unser Ostergru\u00df<\/a><\/div><\/li><li class=\"\"><div class=\"sya_postcontent\"><span class=\"sya_date\">01. April <span class=\"sya_sep\">  -  <\/span><\/span><a href=\"https:\/\/burscheid-sonnenblume.de\/?p=2670\" class=\"sya_postlink post-2670\" rel=\"bookmark\">Der HELP button &#8211; Wir sind weiter f\u00fcr Sie da!<\/a><\/div><\/li><li class=\"\"><div class=\"sya_postcontent\"><span class=\"sya_date\">15. M\u00e4rz <span class=\"sya_sep\">  -  <\/span><\/span><a href=\"https:\/\/burscheid-sonnenblume.de\/?p=1918\" class=\"sya_postlink post-1918\" rel=\"bookmark\">Was passiert jetzt in der Sonnenblume &#8211; alle Updates zur Pandemie<\/a><\/div><\/li><li class=\"\"><div class=\"sya_postcontent\"><span class=\"sya_date\">20. Februar <span class=\"sya_sep\">  -  <\/span><\/span><a href=\"https:\/\/burscheid-sonnenblume.de\/?p=1894\" class=\"sya_postlink post-1894\" rel=\"bookmark\">Wir feiern die &#8220;jecke Zeit&#8221;&#8230; + Einladung zum Aschermittwochsgottesdienst<\/a><\/div><\/li><\/ul><a id=\"year2019\"><\/a><a href=\"https:\/\/burscheid-sonnenblume.de\/?m=2019\" rel=\"section\">2019<\/a> <span class=\"sya_yearcount\"><span class=\"sya_bracket\">(<\/span>10<span class=\"sya_bracket\">)<\/span><\/span><ul><li class=\"\"><div class=\"sya_postcontent\"><span class=\"sya_date\">20. Dezember <span class=\"sya_sep\">  -  <\/span><\/span><a href=\"https:\/\/burscheid-sonnenblume.de\/?p=1870\" class=\"sya_postlink post-1870\" rel=\"bookmark\">Der F\u00f6rderverein Sonnenblume HILGEN e.V. sagt DANKE<\/a><\/div><\/li><li class=\"\"><div class=\"sya_postcontent\"><span class=\"sya_date\">11. Dezember <span class=\"sya_sep\">  -  <\/span><\/span><a href=\"https:\/\/burscheid-sonnenblume.de\/?p=1793\" class=\"sya_postlink post-1793\" rel=\"bookmark\">Die Weihnachtsgeschichte in Reimen<\/a><\/div><\/li><li class=\"\"><div class=\"sya_postcontent\"><span class=\"sya_date\">22. November <span class=\"sya_sep\">  -  <\/span><\/span><a href=\"https:\/\/burscheid-sonnenblume.de\/?p=1718\" class=\"sya_postlink post-1718\" rel=\"bookmark\">St. Martin, jetzt erz\u00e4hlen wir&#8230;<\/a><\/div><\/li><li class=\"\"><div class=\"sya_postcontent\"><span class=\"sya_date\">09. November <span class=\"sya_sep\">  -  <\/span><\/span><a href=\"https:\/\/burscheid-sonnenblume.de\/?p=1650\" class=\"sya_postlink post-1650\" rel=\"bookmark\">Wir sind wieder online<\/a><\/div><\/li><li class=\"\"><div class=\"sya_postcontent\"><span class=\"sya_date\">01. November <span class=\"sya_sep\">  -  <\/span><\/span><a href=\"https:\/\/burscheid-sonnenblume.de\/?p=1509\" class=\"sya_postlink post-1509\" rel=\"bookmark\">Nachrichten per Smartphone-App<\/a><\/div><\/li><li class=\"\"><div class=\"sya_postcontent\"><span class=\"sya_date\">19. Oktober <span class=\"sya_sep\">  -  <\/span><\/span><a href=\"https:\/\/burscheid-sonnenblume.de\/?p=1462\" class=\"sya_postlink post-1462\" rel=\"bookmark\">Sicher ist sicher<\/a><\/div><\/li><li class=\"\"><div class=\"sya_postcontent\"><span class=\"sya_date\">26. September <span class=\"sya_sep\">  -  <\/span><\/span><a href=\"https:\/\/burscheid-sonnenblume.de\/?p=1526\" class=\"sya_postlink post-1526\" rel=\"bookmark\">Unser neuer Elternbeirat<\/a><\/div><\/li><li class=\"\"><div class=\"sya_postcontent\"><span class=\"sya_date\">01. August <span class=\"sya_sep\">  -  <\/span><\/span><a href=\"https:\/\/burscheid-sonnenblume.de\/?p=1466\" class=\"sya_postlink post-1466\" rel=\"bookmark\">Sozial braucht digital<\/a><\/div><\/li><li class=\"\"><div class=\"sya_postcontent\"><span class=\"sya_date\">01. Juli <span class=\"sya_sep\">  -  <\/span><\/span><a href=\"https:\/\/burscheid-sonnenblume.de\/?p=1473\" class=\"sya_postlink post-1473\" rel=\"bookmark\">KOMPAKT &#8211; &#8220;Vom Papier zum Tablet&#8221;<\/a><\/div><\/li><li class=\"\"><div class=\"sya_postcontent\"><span class=\"sya_date\">16. Januar <span class=\"sya_sep\">  -  <\/span><\/span><a href=\"https:\/\/burscheid-sonnenblume.de\/?p=5611\" class=\"sya_postlink post-5611\" rel=\"bookmark\">Die Netiquette f\u00fcr die Mitarbeiter<\/a><\/div><\/li><\/ul><\/div>\n","protected":false},"excerpt":{"rendered":"<p>Wir haben wieder ein Archiv Unsere Homepage\u00a0 ging im Jahr 2004 noch unter Tr\u00e4gerschaft der katholischen Kirchengemeinde St. Laurentius online. Hunderte Berichte und Fotos von ehemalige Kindergartenkinder haben sich in dieser Zeit angesammelt. Die Datenschutz-Grundverordnung ist eine Verordnung der Europ\u00e4ischen<\/p>\n","protected":false},"author":1,"featured_media":0,"parent":0,"menu_order":0,"comment_status":"closed","ping_status":"closed","template":"","meta":{"footnotes":""},"class_list":["post-1685","page","type-page","status-publish","hentry"],"_links":{"self":[{"href":"https:\/\/burscheid-sonnenblume.de\/index.php?rest_route=\/wp\/v2\/pages\/1685","targetHints":{"allow":["GET"]}}],"collection":[{"href":"https:\/\/burscheid-sonnenblume.de\/index.php?rest_route=\/wp\/v2\/pages"}],"about":[{"href":"https:\/\/burscheid-sonnenblume.de\/index.php?rest_route=\/wp\/v2\/types\/page"}],"author":[{"embeddable":true,"href":"https:\/\/burscheid-sonnenblume.de\/index.php?rest_route=\/wp\/v2\/users\/1"}],"replies":[{"embeddable":true,"href":"https:\/\/burscheid-sonnenblume.de\/index.php?rest_route=%2Fwp%2Fv2%2Fcomments&post=1685"}],"version-history":[{"count":28,"href":"https:\/\/burscheid-sonnenblume.de\/index.php?rest_route=\/wp\/v2\/pages\/1685\/revisions"}],"predecessor-version":[{"id":3162,"href":"https:\/\/burscheid-sonnenblume.de\/index.php?rest_route=\/wp\/v2\/pages\/1685\/revisions\/3162"}],"wp:attachment":[{"href":"https:\/\/burscheid-sonnenblume.de\/index.php?rest_route=%2Fwp%2Fv2%2Fmedia&parent=1685"}],"curies":[{"name":"wp","href":"https:\/\/api.w.org\/{rel}","templated":true}]}}